{"id":8129,"date":"2020-02-10T14:11:56","date_gmt":"2020-02-10T13:11:56","guid":{"rendered":"https:\/\/www.lasoci.org\/quien-somos\/historia\/"},"modified":"2024-11-27T11:24:21","modified_gmt":"2024-11-27T10:24:21","slug":"historia","status":"publish","type":"page","link":"https:\/\/www.lasoci.org\/es\/quien-somos\/historia\/","title":{"rendered":"Historia"},"content":{"rendered":"<div class=\"wpb-content-wrapper\"><section class=\"l-section wpb_row height_auto\"><div class=\"l-section-h i-cf\"><div class=\"g-cols vc_row type_default valign_top\"><div class=\"vc_col-sm-6 wpb_column vc_column_container\"><div class=\"vc_column-inner\"><div class=\"wpb_wrapper\"><div class=\"w-separator size_medium\"><\/div><div class=\"w-image style_shadow-1 align_right\"><a href=\"https:\/\/documents.lasoci.org\/llibre%20historia_ES.pdf\" aria-label=\"Enlace\" class=\"w-image-h\"><img loading=\"lazy\" decoding=\"async\" width=\"266\" height=\"300\" src=\"https:\/\/www.lasoci.org\/wp-content\/uploads\/2024\/11\/portada_ES.jpg\" class=\"attachment-us_300_300_crop size-us_300_300_crop\" alt=\"\" srcset=\"https:\/\/www.lasoci.org\/wp-content\/uploads\/2024\/11\/portada_ES.jpg 1200w, https:\/\/www.lasoci.org\/wp-content\/uploads\/2024\/11\/portada_ES-266x300.jpg 266w, https:\/\/www.lasoci.org\/wp-content\/uploads\/2024\/11\/portada_ES-908x1024.jpg 908w, https:\/\/www.lasoci.org\/wp-content\/uploads\/2024\/11\/portada_ES-133x150.jpg 133w, https:\/\/www.lasoci.org\/wp-content\/uploads\/2024\/11\/portada_ES-709x800.jpg 709w\" sizes=\"auto, (max-width: 266px) 100vw, 266px\" \/><\/a><\/div><div class=\"w-separator size_medium\"><\/div><\/div><\/div><\/div><div class=\"vc_col-sm-6 wpb_column vc_column_container\"><div class=\"vc_column-inner\"><div class=\"wpb_wrapper\"><div class=\"w-separator size_medium\"><\/div><div class=\"wpb_text_column\" ><div class=\"wpb_wrapper\"><p><strong>Un pasado para recordar, un futuro por escribir<\/strong><\/p>\n<p>La historia de la Associaci\u00f3 del Personal de \u201cla Caixa\u201d es el relato de m\u00e1s de 90 a\u00f1os de amistad, de enriquecimiento personal y de un proyecto que, desde sus inicios, tiene el objetivo de estimular las relaciones entre compa\u00f1eros y compa\u00f1eras a trav\u00e9s de las numerosas actividades deportivas, culturales, familiares y solidarias que nutren el d\u00eda a d\u00eda. Las p\u00e1ginas de este libro narran nuestra vital experiencia. \u00c9sta es la historia de la Soci, el testimonio de un proyecto com\u00fan.<\/p>\n<\/div><\/div><div class=\"w-separator size_small\"><\/div><div class=\"w-btn-wrapper width_auto align_left\"><a class=\"w-btn us-btn-style_1\" href=\"https:\/\/documents.lasoci.org\/llibre%20historia_ES.pdf\"><span class=\"w-btn-label\">Consulta el libro<\/span><\/a><\/div><div class=\"w-separator size_medium\"><\/div><\/div><\/div><\/div><\/div><\/div><\/section><section class=\"l-section wpb_row height_auto\"><div class=\"l-section-h i-cf\"><div class=\"g-cols vc_row type_default valign_top\"><div class=\"vc_col-sm-12 wpb_column vc_column_container\"><div class=\"vc_column-inner\"><div class=\"wpb_wrapper\">\n\t\t\t<!-- START Historia REVOLUTION SLIDER 6.5.3 --><p class=\"rs-p-wp-fix\"><\/p>\n\t\t\t<rs-module-wrap id=\"rev_slider_5_1_wrapper\" data-source=\"gallery\" style=\"visibility:hidden;background:transparent;padding:0;margin:0px auto;margin-top:0;margin-bottom:0;\">\n\t\t\t\t<rs-module id=\"rev_slider_5_1\" style=\"\" data-version=\"6.5.3\">\n\t\t\t\t\t<rs-slides>\n\t\t\t\t\t\t<rs-slide data-key=\"rs-35\" data-title=\"Slide\" data-thumb=\"\/\/www.lasoci.org\/wp-content\/uploads\/2020\/01\/Partit-Basquet-ball-1933-copia-100x50.jpg\" data-anim=\"ms:600;r:0;\" data-in=\"o:0;\" data-out=\"a:false;\">\n\t\t\t\t\t\t\t<img loading=\"lazy\" decoding=\"async\" src=\"\/\/www.lasoci.org\/wp-content\/plugins\/revslider\/public\/assets\/assets\/dummy.png\" title=\"Partit Basquet-ball 1933 copia\" width=\"1600\" height=\"1067\" class=\"rev-slidebg tp-rs-img rs-lazyload\" data-lazyload=\"\/\/www.lasoci.org\/wp-content\/uploads\/2020\/01\/Partit-Basquet-ball-1933-copia.jpg\" data-bg=\"p:0% 70%;\" data-parallax=\"off\" data-no-retina>\n<!---->\t\t\t\t\t\t<\/rs-slide>\n\t\t\t\t\t\t<rs-slide data-key=\"rs-37\" data-title=\"Slide\" data-thumb=\"\/\/www.lasoci.org\/wp-content\/uploads\/2020\/01\/FOTOS-ANTIGUAS-F7-100x50.jpg\" data-anim=\"ms:600;r:0;\" data-in=\"o:0;\" data-out=\"a:false;\">\n\t\t\t\t\t\t\t<img loading=\"lazy\" decoding=\"async\" src=\"\/\/www.lasoci.org\/wp-content\/plugins\/revslider\/public\/assets\/assets\/dummy.png\" title=\"FOTOS ANTIGUAS F7\" width=\"1600\" height=\"1194\" class=\"rev-slidebg tp-rs-img rs-lazyload\" data-lazyload=\"\/\/www.lasoci.org\/wp-content\/uploads\/2020\/01\/FOTOS-ANTIGUAS-F7.jpg\" data-bg=\"p:0% 20%;\" data-parallax=\"off\" data-no-retina>\n<!---->\t\t\t\t\t\t<\/rs-slide>\n\t\t\t\t\t\t<rs-slide data-key=\"rs-36\" data-title=\"Slide\" data-thumb=\"\/\/www.lasoci.org\/wp-content\/uploads\/2020\/01\/scan0602-100x50.jpg\" data-anim=\"ms:600;r:0;\" data-in=\"o:0;\" data-out=\"a:false;\">\n\t\t\t\t\t\t\t<img loading=\"lazy\" decoding=\"async\" src=\"\/\/www.lasoci.org\/wp-content\/plugins\/revslider\/public\/assets\/assets\/dummy.png\" title=\"scan0602\" width=\"1600\" height=\"1094\" class=\"rev-slidebg tp-rs-img rs-lazyload\" data-lazyload=\"\/\/www.lasoci.org\/wp-content\/uploads\/2020\/01\/scan0602.jpg\" data-bg=\"p:center top;\" data-parallax=\"off\" data-no-retina>\n<!---->\t\t\t\t\t\t<\/rs-slide>\n\t\t\t\t\t\t<rs-slide data-key=\"rs-38\" data-title=\"Slide\" data-thumb=\"\/\/www.lasoci.org\/wp-content\/uploads\/2020\/01\/scan0569-100x50.jpg\" data-anim=\"ms:600;r:0;\" data-in=\"o:0;\" data-out=\"a:false;\">\n\t\t\t\t\t\t\t<img loading=\"lazy\" decoding=\"async\" src=\"\/\/www.lasoci.org\/wp-content\/plugins\/revslider\/public\/assets\/assets\/dummy.png\" title=\"scan0569\" width=\"1599\" height=\"1089\" class=\"rev-slidebg tp-rs-img rs-lazyload\" data-lazyload=\"\/\/www.lasoci.org\/wp-content\/uploads\/2020\/01\/scan0569.jpg\" data-parallax=\"off\" data-no-retina>\n<!---->\t\t\t\t\t\t<\/rs-slide>\n\t\t\t\t\t<\/rs-slides>\n\t\t\t\t\t<rs-static-layers><!--\n\t\t\t\t\t--><\/rs-static-layers>\n\t\t\t\t<\/rs-module>\n\t\t\t\t<script type=\"text\/javascript\">\n\t\t\t\t\tsetREVStartSize({c: 'rev_slider_5_1',rl:[1240,1024,778,480],el:[500],gw:[1240],gh:[500],type:'standard',justify:'',layout:'fullwidth',mh:\"0\"});\n\t\t\t\t<\/script>\n\t\t\t<\/rs-module-wrap>\n\t\t\t<!-- END REVOLUTION SLIDER -->\n<\/div><\/div><\/div><\/div><\/div><\/section><section class=\"l-section wpb_row height_small color_secondary\"><div class=\"l-section-h i-cf\"><div class=\"g-cols vc_row type_default valign_top\"><div class=\"vc_col-sm-12 wpb_column vc_column_container\"><div class=\"vc_column-inner\"><div class=\"wpb_wrapper\"><div class=\"wpb_text_column\" ><div class=\"wpb_wrapper\"><h2 style=\"text-align: center;\">Compartiendo experiencias desde 1931<\/h2>\n<\/div><\/div><\/div><\/div><\/div><\/div><\/div><\/section><section class=\"l-section wpb_row height_auto width_full color_alternate\"><div class=\"l-section-h i-cf\"><div class=\"g-cols vc_row type_boxes valign_top\"><div class=\"vc_col-sm-6 wpb_column vc_column_container has-fill\"><div class=\"vc_column-inner us_custom_0f667118\"><div class=\"wpb_wrapper\"><\/div><\/div><\/div><div class=\"vc_col-sm-6 wpb_column vc_column_container\"><div class=\"vc_column-inner\"><div class=\"wpb_wrapper\"><div class=\"w-separator size_medium\"><\/div><div class=\"wpb_text_column\" ><div class=\"wpb_wrapper\"><h2 class=\"m-3660141812691238551msonospacing\"><span lang=\"CA\">UN PROYECTO COM\u00daN<\/span><\/h2>\n<p>La Asociaci\u00f3n del Personal de \u00abla Caixa\u00bb tiene una historia de casi 90 a\u00f1os. Constituida formalmente el 21 de noviembre de 1931, la Soci nunca se ha apartado de sus valores fundacionales, como son fomentar las relaciones entre los compa\u00f1eros y compa\u00f1eras, en un espacio de relaciones transversales, id\u00f3neo para pasarlo bien y crecer como personas.<\/p>\n<p>Todos los que han formado parte de esta entidad a lo largo de su historia, han escrito el relato de una trayectoria marcada muy fuertemente por la pr\u00e1ctica del deporte y de las actividades culturales a trav\u00e9s de las diferentes secciones que ofrecemos. \u00a1Poder hacer lo que m\u00e1s nos gusta formando parte de una gran comunidad!<\/p>\n<\/div><\/div><div class=\"w-separator size_medium\"><\/div><\/div><\/div><\/div><\/div><\/div><\/section><section class=\"l-section wpb_row height_auto width_full color_alternate\"><div class=\"l-section-h i-cf\"><div class=\"g-cols vc_row type_boxes valign_top\"><div class=\"vc_col-sm-6 wpb_column vc_column_container\"><div class=\"vc_column-inner us_custom_780cfce0\"><div class=\"wpb_wrapper\"><div class=\"w-separator size_medium\"><\/div><div class=\"wpb_text_column\" ><div class=\"wpb_wrapper\"><h2><span lang=\"CA\">Una Soci sensible<\/span><\/h2>\n<p>Y tambi\u00e9n, muy especialmente, otro de los pilares que caracterizan la forma de ser y de hacer de los que formamos parte de la Soci, es que siempre hemos puesto todo nuestro potencial al servicio de la sociedad.<\/p>\n<p>Y lo hemos hecho impulsando iniciativas para colaborar y ayudar en causas que nos han parecido buenas y provechosas socialmente. Se trata de acciones y propuestas que han necesitado de la voluntad, dedicaci\u00f3n y conocimientos que nosotros tenemos y que hemos dado y damos desinteresadamente.<\/p>\n<p>El Plan de Acci\u00f3n Cultural impulsado los a\u00f1os 70 y que tuvo mucha fuerza, o las acciones solidarias que desde 2013 hacemos en el marco de nuestro Plan de Acci\u00f3n Social y como Voluntarios de \u00abla Caixa\u00bb, son dos ejemplos concretos de nuestra voluntad y capacidad de acci\u00f3n social.<\/p>\n<p>La historia de la Asociaci\u00f3n del Personal de \u00abla Caixa\u00bb es, en definitiva, una cronolog\u00eda de iniciativas constantes, de estar siempre activos y dispuestos a incorporar nuevas ideas y atento para aprovechar todas las oportunidades que contribuyan a mejorar nuestra calidad de vida, enriquezcan el pensamiento y nos hagan mejores personas.<\/p>\n<\/div><\/div><div class=\"w-separator size_medium\"><\/div><\/div><\/div><\/div><div class=\"vc_col-sm-6 wpb_column vc_column_container has-fill\"><div class=\"vc_column-inner us_custom_10b2ee19\"><div class=\"wpb_wrapper\"><\/div><\/div><\/div><\/div><\/div><\/section><section class=\"l-section wpb_row height_large\" id=\"history\"><div class=\"l-section-h i-cf\"><div class=\"g-cols vc_row type_default valign_top\"><div class=\"vc_col-sm-12 wpb_column vc_column_container\"><div class=\"vc_column-inner\"><div class=\"wpb_wrapper\"><div class=\"wpb_text_column\" ><div class=\"wpb_wrapper\"><h2 style=\"text-align: center;\">CRONOLOG\u00cdA<\/h2>\n<\/div><\/div><div class=\"w-separator size_medium\"><\/div><div class=\"w-tabs layout_hor style_timeline switch_hover icon_chevron iconpos_right title_atleft\"><div class=\"w-tabs-list hidden items_10\" style=\"font-family:&#039;Zurich Light Condensed&#039;, sans-serif;font-size:20px;\"><div class=\"w-tabs-list-h\"><a class=\"w-tabs-item active defined-active\" aria-controls=\"content-1574792251797-eb7a6106-7085\" href=\"javascript:void(0);\"><span class=\"w-tabs-item-title\">1931<\/span><\/a><a class=\"w-tabs-item\" aria-controls=\"content-1574792080475-dab758b6-daf9\" href=\"javascript:void(0);\"><span class=\"w-tabs-item-title\">1933<\/span><\/a><a class=\"w-tabs-item\" aria-controls=\"content-1574792080617-662021a4-6703\" href=\"javascript:void(0);\"><span class=\"w-tabs-item-title\">1935<\/span><\/a><a class=\"w-tabs-item\" aria-controls=\"content-1574792080755-eb34e8d4-ee8c\" href=\"javascript:void(0);\"><span class=\"w-tabs-item-title\">1941<\/span><\/a><a class=\"w-tabs-item\" aria-controls=\"content-1574792080898-106b35d4-92a2\" href=\"javascript:void(0);\"><span class=\"w-tabs-item-title\">1962<\/span><\/a><a class=\"w-tabs-item\" aria-controls=\"content-1574792081048-783fd030-678c\" href=\"javascript:void(0);\"><span class=\"w-tabs-item-title\">1969<\/span><\/a><a class=\"w-tabs-item\" aria-controls=\"content-1574792284545-db7c0610-ad59\" href=\"javascript:void(0);\"><span class=\"w-tabs-item-title\">1975<\/span><\/a><a class=\"w-tabs-item\" aria-controls=\"content-1581340653269-7451f528-3bf6\" href=\"javascript:void(0);\"><span class=\"w-tabs-item-title\">1984<\/span><\/a><a class=\"w-tabs-item\" aria-controls=\"content-1574792545206-0312b82a-d697\" href=\"javascript:void(0);\"><span class=\"w-tabs-item-title\">1998<\/span><\/a><a class=\"w-tabs-item\" aria-controls=\"content-1574792313713-28ddcc9e-fd58\" href=\"javascript:void(0);\"><span class=\"w-tabs-item-title\">2019<\/span><\/a><\/div><\/div><div class=\"w-tabs-sections\"><div class=\"w-tabs-sections-h\"><div class=\"w-tabs-section active\" id=\"1574792251797-eb7a6106-7085\"><button aria-controls=\"content-1574792251797-eb7a6106-7085\" class=\"w-tabs-section-header active\" style=\"font-size:20px\"><div class=\"w-tabs-section-header-h\"><div class=\"w-tabs-section-title\">1931<\/div><div class=\"w-tabs-section-control\"><\/div><\/div><\/button><div class=\"w-tabs-section-content\" id=\"content-1574792251797-eb7a6106-7085\" aria-expanded=\"true\"><div class=\"w-tabs-section-content-h i-cf\"><div class=\"wpb_text_column\" ><div class=\"wpb_wrapper\"><p>Los empleados de \u00abla Caixa\u00bb, con el apoyo de su fundador, Francesc Moragas, crean la Asociaci\u00f3n del Personal de \u00abla Caixa\u00bb para estimular las buenas relaciones personales y la pr\u00e1ctica de actividades deportivas y culturales.<\/p>\n<p>La entidad dispone de un local de reuniones a los Servicios Centrales de \u00abla Caixa\u00bb en el n\u00famero 56 de la Via Laietana de Barcelona. Se empiezan a crear las primeras secciones culturales y deportivas.<\/p>\n<\/div><\/div><\/div><\/div><\/div><div class=\"w-tabs-section\" id=\"1574792080475-dab758b6-daf9\"><button aria-controls=\"content-1574792080475-dab758b6-daf9\" class=\"w-tabs-section-header\" style=\"font-size:20px\"><div class=\"w-tabs-section-header-h\"><div class=\"w-tabs-section-title\">1933<\/div><div class=\"w-tabs-section-control\"><\/div><\/div><\/button><div class=\"w-tabs-section-content\" id=\"content-1574792080475-dab758b6-daf9\" aria-expanded=\"false\"><div class=\"w-tabs-section-content-h i-cf\"><div class=\"wpb_text_column\" ><div class=\"wpb_wrapper\"><p>Primera Fiesta del Deporte, con muchas actividades deportivas, siendo las de f\u00fatbol, \u200b\u200bbaloncesto y tenis las m\u00e1s concurridas.<\/p>\n<\/div><\/div><\/div><\/div><\/div><div class=\"w-tabs-section\" id=\"1574792080617-662021a4-6703\"><button aria-controls=\"content-1574792080617-662021a4-6703\" class=\"w-tabs-section-header\" style=\"font-size:20px\"><div class=\"w-tabs-section-header-h\"><div class=\"w-tabs-section-title\">1935<\/div><div class=\"w-tabs-section-control\"><\/div><\/div><\/button><div class=\"w-tabs-section-content\" id=\"content-1574792080617-662021a4-6703\" aria-expanded=\"false\"><div class=\"w-tabs-section-content-h i-cf\"><div class=\"wpb_text_column\" ><div class=\"wpb_wrapper\"><p>Aparece el primer n\u00famero del BOLET\u00cdN, para dar a conocer e informar a los asociados y asociadas de las actividades de la Asociaci\u00f3n.<\/p>\n<p>Inauguraci\u00f3n del campo de deportes de la calle Agricultura, donde nuestras primeras secciones deportivas, masculinas y femeninas, llevaron a cabo sus actividades y campeonatos.<\/p>\n<\/div><\/div><\/div><\/div><\/div><div class=\"w-tabs-section\" id=\"1574792080755-eb34e8d4-ee8c\"><button aria-controls=\"content-1574792080755-eb34e8d4-ee8c\" class=\"w-tabs-section-header\" style=\"font-size:20px\"><div class=\"w-tabs-section-header-h\"><div class=\"w-tabs-section-title\">1941<\/div><div class=\"w-tabs-section-control\"><\/div><\/div><\/button><div class=\"w-tabs-section-content\" id=\"content-1574792080755-eb34e8d4-ee8c\" aria-expanded=\"false\"><div class=\"w-tabs-section-content-h i-cf\"><div class=\"wpb_text_column\" ><div class=\"wpb_wrapper\"><p>Se inauguran los locales de la Asociaci\u00f3n en la calle de Amadeu Vives, con sal\u00f3n de actos, donde se hac\u00edan las representaciones de la secci\u00f3n de teatro, biblioteca y salas de juegos.<\/p>\n<\/div><\/div><\/div><\/div><\/div><div class=\"w-tabs-section\" id=\"1574792080898-106b35d4-92a2\"><button aria-controls=\"content-1574792080898-106b35d4-92a2\" class=\"w-tabs-section-header\" style=\"font-size:20px\"><div class=\"w-tabs-section-header-h\"><div class=\"w-tabs-section-title\">1962<\/div><div class=\"w-tabs-section-control\"><\/div><\/div><\/button><div class=\"w-tabs-section-content\" id=\"content-1574792080898-106b35d4-92a2\" aria-expanded=\"false\"><div class=\"w-tabs-section-content-h i-cf\"><div class=\"wpb_text_column\" ><div class=\"wpb_wrapper\"><p>Primer Certamen Internacional de Fotograf\u00eda organizado por la Asociaci\u00f3n, antecedente de la prestigiosa Bienal Internacional de Fotograf\u00eda.<\/p>\n<\/div><\/div><\/div><\/div><\/div><div class=\"w-tabs-section\" id=\"1574792081048-783fd030-678c\"><button aria-controls=\"content-1574792081048-783fd030-678c\" class=\"w-tabs-section-header\" style=\"font-size:20px\"><div class=\"w-tabs-section-header-h\"><div class=\"w-tabs-section-title\">1969<\/div><div class=\"w-tabs-section-control\"><\/div><\/div><\/button><div class=\"w-tabs-section-content\" id=\"content-1574792081048-783fd030-678c\" aria-expanded=\"false\"><div class=\"w-tabs-section-content-h i-cf\"><div class=\"wpb_text_column\" ><div class=\"wpb_wrapper\"><p>Se inaugura formalmente el Plan de Formaci\u00f3n para los hijos de los asociados que se presentaban a las oposiciones para incorporarse a \u00abla Caixa\u00bb.<\/p>\n<\/div><\/div><\/div><\/div><\/div><div class=\"w-tabs-section\" id=\"1574792284545-db7c0610-ad59\"><button aria-controls=\"content-1574792284545-db7c0610-ad59\" class=\"w-tabs-section-header\" style=\"font-size:20px\"><div class=\"w-tabs-section-header-h\"><div class=\"w-tabs-section-title\">1975<\/div><div class=\"w-tabs-section-control\"><\/div><\/div><\/button><div class=\"w-tabs-section-content\" id=\"content-1574792284545-db7c0610-ad59\" aria-expanded=\"false\"><div class=\"w-tabs-section-content-h i-cf\"><div class=\"wpb_text_column\" ><div class=\"wpb_wrapper\"><p>Inicio del Plan de Acci\u00f3n Cultural (PAC), para promocionar y organizar eventos (exposiciones, teatro, conciertos &#8230;) en Catalu\u00f1a, en colaboraci\u00f3n con los ayuntamientos y las administraciones.<\/p>\n<\/div><\/div><\/div><\/div><\/div><div class=\"w-tabs-section\" id=\"1581340653269-7451f528-3bf6\"><button aria-controls=\"content-1581340653269-7451f528-3bf6\" class=\"w-tabs-section-header\" style=\"font-size:20px\"><div class=\"w-tabs-section-header-h\"><div class=\"w-tabs-section-title\">1984<\/div><div class=\"w-tabs-section-control\"><\/div><\/div><\/button><div class=\"w-tabs-section-content\" id=\"content-1581340653269-7451f528-3bf6\" aria-expanded=\"false\"><div class=\"w-tabs-section-content-h i-cf\"><div class=\"wpb_text_column\" ><div class=\"wpb_wrapper\"><p>Inauguraci\u00f3n de la sede social con instalaciones deportivas de la calle Teodor Roviralta.<\/p>\n<\/div><\/div><\/div><\/div><\/div><div class=\"w-tabs-section\" id=\"1574792545206-0312b82a-d697\"><button aria-controls=\"content-1574792545206-0312b82a-d697\" class=\"w-tabs-section-header\" style=\"font-size:20px\"><div class=\"w-tabs-section-header-h\"><div class=\"w-tabs-section-title\">1998<\/div><div class=\"w-tabs-section-control\"><\/div><\/div><\/button><div class=\"w-tabs-section-content\" id=\"content-1574792545206-0312b82a-d697\" aria-expanded=\"false\"><div class=\"w-tabs-section-content-h i-cf\"><div class=\"wpb_text_column\" ><div class=\"wpb_wrapper\"><p>Disputa de la primera Copa Asociaci\u00f3n de F\u00fatbol Sala, entre las distintas secciones de todo el Estado y que, con el tiempo ha dado lugar a las actuales copas de golf, baloncesto, p\u00e1del y f\u00fatbol 7.<\/p>\n<\/div><\/div><\/div><\/div><\/div><div class=\"w-tabs-section\" id=\"1574792313713-28ddcc9e-fd58\"><button aria-controls=\"content-1574792313713-28ddcc9e-fd58\" class=\"w-tabs-section-header\" style=\"font-size:20px\"><div class=\"w-tabs-section-header-h\"><div class=\"w-tabs-section-title\">2019<\/div><div class=\"w-tabs-section-control\"><\/div><\/div><\/button><div class=\"w-tabs-section-content\" id=\"content-1574792313713-28ddcc9e-fd58\" aria-expanded=\"false\"><div class=\"w-tabs-section-content-h i-cf\"><div class=\"wpb_text_column\" ><div class=\"wpb_wrapper\"><p>La Asociaci\u00f3n del Personal de \u00abla Caixa\u00bb estrena su nueva sede social de la calle Sardenya de Barcelona, \u200b\u200bla casa de todos los asociados y asociadas y donde las secciones culturales barcelonesas llevan a cabo sus actividades.<\/p>\n<\/div><\/div><\/div><\/div><\/div><\/div><\/div><\/div><\/div><\/div><\/div><\/div><\/div><\/section>\n<\/div>","protected":false},"excerpt":{"rendered":"Un pasado para recordar, un futuro por escribir La historia de la Associaci\u00f3 del Personal de \u201cla Caixa\u201d es el relato de m\u00e1s de 90 a\u00f1os de amistad, de enriquecimiento personal y de un proyecto que, desde sus inicios, tiene el objetivo de estimular las relaciones entre compa\u00f1eros y compa\u00f1eras a trav\u00e9s de las numerosas...","protected":false},"author":2,"featured_media":0,"parent":7905,"menu_order":0,"comment_status":"closed","ping_status":"closed","template":"","meta":{"footnotes":""},"class_list":["post-8129","page","type-page","status-publish","hentry"],"_links":{"self":[{"href":"https:\/\/www.lasoci.org\/es\/wp-json\/wp\/v2\/pages\/8129","targetHints":{"allow":["GET"]}}],"collection":[{"href":"https:\/\/www.lasoci.org\/es\/wp-json\/wp\/v2\/pages"}],"about":[{"href":"https:\/\/www.lasoci.org\/es\/wp-json\/wp\/v2\/types\/page"}],"author":[{"embeddable":true,"href":"https:\/\/www.lasoci.org\/es\/wp-json\/wp\/v2\/users\/2"}],"replies":[{"embeddable":true,"href":"https:\/\/www.lasoci.org\/es\/wp-json\/wp\/v2\/comments?post=8129"}],"version-history":[{"count":12,"href":"https:\/\/www.lasoci.org\/es\/wp-json\/wp\/v2\/pages\/8129\/revisions"}],"predecessor-version":[{"id":16576,"href":"https:\/\/www.lasoci.org\/es\/wp-json\/wp\/v2\/pages\/8129\/revisions\/16576"}],"up":[{"embeddable":true,"href":"https:\/\/www.lasoci.org\/es\/wp-json\/wp\/v2\/pages\/7905"}],"wp:attachment":[{"href":"https:\/\/www.lasoci.org\/es\/wp-json\/wp\/v2\/media?parent=8129"}],"curies":[{"name":"wp","href":"https:\/\/api.w.org\/{rel}","templated":true}]}}