{"id":7955,"date":"2020-02-06T12:00:20","date_gmt":"2020-02-06T11:00:20","guid":{"rendered":"https:\/\/www.lasoci.org\/noticias\/"},"modified":"2026-04-28T11:43:25","modified_gmt":"2026-04-28T09:43:25","slug":"noticias","status":"publish","type":"page","link":"https:\/\/www.lasoci.org\/es\/noticias\/","title":{"rendered":"Noticias"},"content":{"rendered":"<div class=\"wpb-content-wrapper\"><section class=\"l-section wpb_row us_custom_4e0cc4c3 height_medium color_primary with_img parallax_hor bgwidth_120 with_overlay\"><div class=\"l-section-img\" style=\"background-image: url(https:\/\/www.lasoci.org\/wp-content\/uploads\/2019\/06\/30130.jpg);\" data-img-width=\"2000\" data-img-height=\"1335\"><\/div><div class=\"l-section-overlay\" style=\"background: rgba(30,30,30,0.5)\"><\/div><div class=\"l-section-h i-cf\"><div class=\"g-cols vc_row type_default valign_top\"><div class=\"vc_col-sm-12 wpb_column vc_column_container\"><div class=\"vc_column-inner\"><div class=\"wpb_wrapper\">[vc_custom_heading source=\u00bbpost_title\u00bb font_container=\u00bbtag:h1|font_size:60|text_align:center\u00bb use_theme_fonts=\u00bbyes\u00bb]<div class=\"w-iconbox iconpos_top style_default color_custom align_center no_title no_text\"><a href=\"#intro\" class=\"w-iconbox-link\" aria-label=\"fas|chevron-down\"><div class=\"w-iconbox-icon\" style=\"color:#ffffff;\"><i class=\"fas fa-chevron-down\"><\/i><\/div><\/a><div class=\"w-iconbox-meta\"><\/div><\/div><div class=\"w-separator size_medium\"><\/div><\/div><\/div><\/div><\/div><\/div><\/section><section class=\"l-section wpb_row us_custom_f4905d5a height_medium color_alternate\"><div class=\"l-section-h i-cf\"><div class=\"g-cols vc_row type_default valign_top\"><div class=\"vc_col-sm-12 wpb_column vc_column_container\"><div class=\"vc_column-inner\"><div class=\"wpb_wrapper\"><div class=\"w-grid type_grid layout_17842 cols_3 overflow_hidden\" id=\"us_grid_1\" data-filterable=\"true\"><style id=\"us_grid_1_css\">#us_grid_1 .w-grid-item{padding:1.5rem}#us_grid_1 .w-grid-list{margin:-1.5rem -1.5rem 1.5rem}.w-grid + #us_grid_1 .w-grid-list{margin-top:1.5rem}@media (max-width:899px){#us_grid_1 .w-grid-item{width:50.0000%}}@media (max-width:599px){#us_grid_1 .w-grid-list{margin:0}#us_grid_1 .w-grid-item{width:100.0000%;padding:0;margin-bottom:1.5rem}}<\/style><style>.layout_17842 .w-grid-item-h{background:#ffffff;color:#333333;border-radius:0.3rem;z-index:3;box-shadow:0 0.03rem 0.06rem rgba(0,0,0,0.1),0 0.10rem 0.30rem rgba(0,0,0,0.1);transition-duration:0.3s}.no-touch .layout_17842 .w-grid-item-h:hover{box-shadow:0 0.10rem 0.20rem rgba(0,0,0,0.1),0 0.33rem 1.00rem rgba(0,0,0,0.15);z-index:4}.layout_17842 .usg_post_title_1{font-size:1.4rem!important;font-weight:700!important}.layout_17842 .usg_vwrapper_1{padding:9% 11% 11% 11%!important}.layout_17842 .usg_post_taxonomy_1{font-weight:700!important;text-transform:uppercase!important;font-size:10px!important;position:absolute!important;top:1.2rem!important;right:1.2rem!important;left:1.2rem!important}.layout_17842 .usg_hwrapper_1{color:#999999!important;font-size:0.9rem!important}@media (max-width:599px){.layout_17842 .usg_post_title_1{font-size:1.2rem!important}}<\/style><div class=\"w-grid-list\" >\t<article class=\"w-grid-item size_1x1 post-17813 post type-post status-publish format-standard has-post-thumbnail hentry category-deporte\" data-id=\"17813\">\n\t\t<div class=\"w-grid-item-h\">\n\t\t\t\t\t\t<div class=\"w-post-elm post_image usg_post_image_1 stretched\"><a href=\"https:\/\/www.lasoci.org\/es\/multiaventura-sevilla-se-estrena-haciendo-escalada-en-rocodromo\/\" aria-label=\"Multiaventura Sevilla se estrena haciendo escalada en roc\u00f3dromo\"><img loading=\"lazy\" decoding=\"async\" width=\"600\" height=\"400\" src=\"https:\/\/www.lasoci.org\/wp-content\/uploads\/2026\/04\/MultiAventuraSevilla2-600x400.jpg\" class=\"attachment-us_600_400_crop size-us_600_400_crop wp-post-image\" alt=\"\" \/><\/a><\/div><div class=\"w-post-elm post_taxonomy usg_post_taxonomy_1 style_badge color_link_inherit\"><a class=\"w-btn us-btn-style_badge\" href=\"https:\/\/www.lasoci.org\/es\/category\/deporte\/\"><span class=\"w-btn-label\">Deporte<\/span><\/a><\/div><div class=\"w-vwrapper usg_vwrapper_1 align_left valign_top\"><h2 class=\"w-post-elm post_title usg_post_title_1 entry-title color_link_inherit\"><a href=\"https:\/\/www.lasoci.org\/es\/multiaventura-sevilla-se-estrena-haciendo-escalada-en-rocodromo\/\">Multiaventura Sevilla se estrena haciendo escalada en roc\u00f3dromo<\/a><\/h2><div class=\"w-hwrapper usg_hwrapper_1 align_left valign_top wrap\"><time class=\"w-post-elm post_date usg_post_date_1 entry-date published\" datetime=\"2026-04-21T09:50:04+02:00\">21 abril, 2026<\/time><\/div><div class=\"w-post-elm post_content usg_post_content_1\">La reci\u00e9n creada secci\u00f3n de Multiaventura Sevilla llev\u00f3 a cabo su primera actividad en el Rock and Wall Climbing de&hellip;<\/div><\/div>\t\t<\/div>\n\t<\/article>\n\t<article class=\"w-grid-item size_1x1 post-17798 post type-post status-publish format-standard has-post-thumbnail hentry category-cultura-es\" data-id=\"17798\">\n\t\t<div class=\"w-grid-item-h\">\n\t\t\t\t\t\t<div class=\"w-post-elm post_image usg_post_image_1 stretched\"><a href=\"https:\/\/www.lasoci.org\/es\/visita-al-institut-cartografic-i-geologic-de-catalunya\/\" aria-label=\"Visita al Institut Cartogr\u00e0fic i Geol\u00f2gic de Catalunya\"><img loading=\"lazy\" decoding=\"async\" width=\"600\" height=\"400\" src=\"https:\/\/www.lasoci.org\/wp-content\/uploads\/2026\/04\/grup-visita-institut-cartografic-600x400.jpg\" class=\"attachment-us_600_400_crop size-us_600_400_crop wp-post-image\" alt=\"\" \/><\/a><\/div><div class=\"w-post-elm post_taxonomy usg_post_taxonomy_1 style_badge color_link_inherit\"><a class=\"w-btn us-btn-style_badge\" href=\"https:\/\/www.lasoci.org\/es\/category\/cultura-es\/\"><span class=\"w-btn-label\">Cultura<\/span><\/a><\/div><div class=\"w-vwrapper usg_vwrapper_1 align_left valign_top\"><h2 class=\"w-post-elm post_title usg_post_title_1 entry-title color_link_inherit\"><a href=\"https:\/\/www.lasoci.org\/es\/visita-al-institut-cartografic-i-geologic-de-catalunya\/\">Visita al Institut Cartogr\u00e0fic i Geol\u00f2gic de Catalunya<\/a><\/h2><div class=\"w-hwrapper usg_hwrapper_1 align_left valign_top wrap\"><time class=\"w-post-elm post_date usg_post_date_1 entry-date published\" datetime=\"2026-04-13T14:02:25+02:00\">13 abril, 2026<\/time><\/div><div class=\"w-post-elm post_content usg_post_content_1\">La secci\u00f3n de Hist\u00f2ria Barcelona ha visitado el Institut Cartogr\u00e0fic i Geol\u00f2gic de Catalunya, como clausura del ciclo sobre \u201cCartograf\u00eda,&hellip;<\/div><\/div>\t\t<\/div>\n\t<\/article>\n\t<article class=\"w-grid-item size_1x1 post-17786 post type-post status-publish format-standard has-post-thumbnail hentry category-voluntariado\" data-id=\"17786\">\n\t\t<div class=\"w-grid-item-h\">\n\t\t\t\t\t\t<div class=\"w-post-elm post_image usg_post_image_1 stretched\"><a href=\"https:\/\/www.lasoci.org\/es\/2-sin-3-un-primer-paso-sobre-el-escenario-en-un-concierto-solidario\/\" aria-label=\"\u201c2 sin 3\u201d: un primer paso sobre el escenario en un concierto solidario\"><img loading=\"lazy\" decoding=\"async\" width=\"600\" height=\"400\" src=\"https:\/\/www.lasoci.org\/wp-content\/uploads\/2026\/04\/2-SIN-3-en-San-Martin-1-600x400.jpg\" class=\"attachment-us_600_400_crop size-us_600_400_crop wp-post-image\" alt=\"\" \/><\/a><\/div><div class=\"w-post-elm post_taxonomy usg_post_taxonomy_1 style_badge color_link_inherit\"><a class=\"w-btn us-btn-style_badge\" href=\"https:\/\/www.lasoci.org\/es\/category\/voluntariado\/\"><span class=\"w-btn-label\">Voluntariado<\/span><\/a><\/div><div class=\"w-vwrapper usg_vwrapper_1 align_left valign_top\"><h2 class=\"w-post-elm post_title usg_post_title_1 entry-title color_link_inherit\"><a href=\"https:\/\/www.lasoci.org\/es\/2-sin-3-un-primer-paso-sobre-el-escenario-en-un-concierto-solidario\/\">\u201c2 sin 3\u201d: un primer paso sobre el escenario en un concierto solidario<\/a><\/h2><div class=\"w-hwrapper usg_hwrapper_1 align_left valign_top wrap\"><time class=\"w-post-elm post_date usg_post_date_1 entry-date published\" datetime=\"2026-04-08T14:48:10+02:00\">8 abril, 2026<\/time><\/div><div class=\"w-post-elm post_content usg_post_content_1\">El nuevo d\u00fao \u201c2 sin 3\u201d, formado por Juan Carlos Sainz de la Maza y Jos\u00e9 Ra\u00fal Reina, y perteneciente&hellip;<\/div><\/div>\t\t<\/div>\n\t<\/article>\n\t<article class=\"w-grid-item size_1x1 post-11247 post type-post status-publish format-standard has-post-thumbnail hentry category-asociacion\" data-id=\"11247\">\n\t\t<div class=\"w-grid-item-h\">\n\t\t\t\t\t\t<div class=\"w-post-elm post_image usg_post_image_1 stretched\"><a href=\"https:\/\/www.lasoci.org\/es\/eleccions-a-junta-directiva\/\" aria-label=\"Elecciones a Junta Directiva\"><img loading=\"lazy\" decoding=\"async\" width=\"600\" height=\"400\" src=\"https:\/\/www.lasoci.org\/wp-content\/uploads\/2022\/04\/votacions-rectora-600x400.jpg\" class=\"attachment-us_600_400_crop size-us_600_400_crop wp-post-image\" alt=\"\" srcset=\"https:\/\/www.lasoci.org\/wp-content\/uploads\/2022\/04\/votacions-rectora-600x400.jpg 600w, https:\/\/www.lasoci.org\/wp-content\/uploads\/2022\/04\/votacions-rectora-300x200.jpg 300w, https:\/\/www.lasoci.org\/wp-content\/uploads\/2022\/04\/votacions-rectora-1024x683.jpg 1024w, https:\/\/www.lasoci.org\/wp-content\/uploads\/2022\/04\/votacions-rectora-150x100.jpg 150w, https:\/\/www.lasoci.org\/wp-content\/uploads\/2022\/04\/votacions-rectora-800x533.jpg 800w\" sizes=\"auto, (max-width: 600px) 100vw, 600px\" \/><\/a><\/div><div class=\"w-post-elm post_taxonomy usg_post_taxonomy_1 style_badge color_link_inherit\"><a class=\"w-btn us-btn-style_badge\" href=\"https:\/\/www.lasoci.org\/es\/category\/asociacion\/\"><span class=\"w-btn-label\">Asociaci\u00f3n<\/span><\/a><\/div><div class=\"w-vwrapper usg_vwrapper_1 align_left valign_top\"><h2 class=\"w-post-elm post_title usg_post_title_1 entry-title color_link_inherit\"><a href=\"https:\/\/www.lasoci.org\/es\/eleccions-a-junta-directiva\/\">Elecciones a Junta Directiva<\/a><\/h2><div class=\"w-hwrapper usg_hwrapper_1 align_left valign_top wrap\"><time class=\"w-post-elm post_date usg_post_date_1 entry-date published\" datetime=\"2026-04-07T09:30:00+02:00\">7 abril, 2026<\/time><\/div><div class=\"w-post-elm post_content usg_post_content_1\">Te informamos de que este 2026 corresponde la renovaci\u00f3n parcial reglamentaria de miembros de Junta Directiva de la Associaci\u00f3 del&hellip;<\/div><\/div>\t\t<\/div>\n\t<\/article>\n\t<article class=\"w-grid-item size_1x1 post-17778 post type-post status-publish format-standard has-post-thumbnail hentry category-cultura-es category-gastronomia-es\" data-id=\"17778\">\n\t\t<div class=\"w-grid-item-h\">\n\t\t\t\t\t\t<div class=\"w-post-elm post_image usg_post_image_1 stretched\"><a href=\"https:\/\/www.lasoci.org\/es\/comida-de-fallas-de-gastronomia-valencia\/\" aria-label=\"Comida de Fallas de Gastronom\u00eda Valencia\"><img loading=\"lazy\" decoding=\"async\" width=\"600\" height=\"400\" src=\"https:\/\/www.lasoci.org\/wp-content\/uploads\/2026\/04\/IMG_20260326_151428-600x400.jpg\" class=\"attachment-us_600_400_crop size-us_600_400_crop wp-post-image\" alt=\"\" \/><\/a><\/div><div class=\"w-post-elm post_taxonomy usg_post_taxonomy_1 style_badge color_link_inherit\"><div class=\"w-post-elm-list\"><a class=\"w-btn us-btn-style_badge\" href=\"https:\/\/www.lasoci.org\/es\/category\/cultura-es\/\"><span class=\"w-btn-label\">Cultura<\/span><\/a><a class=\"w-btn us-btn-style_badge\" href=\"https:\/\/www.lasoci.org\/es\/category\/gastronomia-es\/\"><span class=\"w-btn-label\">Gastronom\u00eda<\/span><\/a><\/div><\/div><div class=\"w-vwrapper usg_vwrapper_1 align_left valign_top\"><h2 class=\"w-post-elm post_title usg_post_title_1 entry-title color_link_inherit\"><a href=\"https:\/\/www.lasoci.org\/es\/comida-de-fallas-de-gastronomia-valencia\/\">Comida de Fallas de Gastronom\u00eda Valencia<\/a><\/h2><div class=\"w-hwrapper usg_hwrapper_1 align_left valign_top wrap\"><time class=\"w-post-elm post_date usg_post_date_1 entry-date published\" datetime=\"2026-04-02T14:01:28+02:00\">2 abril, 2026<\/time><\/div><div class=\"w-post-elm post_content usg_post_content_1\">La secci\u00f3n de Gastronom\u00eda Valencia, con Jes\u00fas Huerta al frente, celebr\u00f3 el jueves 26 de marzo su Comida de Fallas,&hellip;<\/div><\/div>\t\t<\/div>\n\t<\/article>\n\t<article class=\"w-grid-item size_1x1 post-17763 post type-post status-publish format-standard has-post-thumbnail hentry category-cultura-es\" data-id=\"17763\">\n\t\t<div class=\"w-grid-item-h\">\n\t\t\t\t\t\t<div class=\"w-post-elm post_image usg_post_image_1 stretched\"><a href=\"https:\/\/www.lasoci.org\/es\/fotografia-girona-en-sant-pere-de-rodes\/\" aria-label=\"Fotografia Girona en Sant Pere de Rodes\"><img loading=\"lazy\" decoding=\"async\" width=\"600\" height=\"400\" src=\"https:\/\/www.lasoci.org\/wp-content\/uploads\/2026\/03\/25798-600x400.jpg\" class=\"attachment-us_600_400_crop size-us_600_400_crop wp-post-image\" alt=\"\" \/><\/a><\/div><div class=\"w-post-elm post_taxonomy usg_post_taxonomy_1 style_badge color_link_inherit\"><a class=\"w-btn us-btn-style_badge\" href=\"https:\/\/www.lasoci.org\/es\/category\/cultura-es\/\"><span class=\"w-btn-label\">Cultura<\/span><\/a><\/div><div class=\"w-vwrapper usg_vwrapper_1 align_left valign_top\"><h2 class=\"w-post-elm post_title usg_post_title_1 entry-title color_link_inherit\"><a href=\"https:\/\/www.lasoci.org\/es\/fotografia-girona-en-sant-pere-de-rodes\/\">Fotografia Girona en Sant Pere de Rodes<\/a><\/h2><div class=\"w-hwrapper usg_hwrapper_1 align_left valign_top wrap\"><time class=\"w-post-elm post_date usg_post_date_1 entry-date published\" datetime=\"2026-03-26T10:40:33+01:00\">26 marzo, 2026<\/time><\/div><div class=\"w-post-elm post_content usg_post_content_1\">El martes 24 de marzo, diecis\u00e9is fot\u00f3grafos de la secci\u00f3n de Fotografia Girona, encabezados por Manel P\u00e9rez, realizaron una nueva&hellip;<\/div><\/div>\t\t<\/div>\n\t<\/article>\n\t<article class=\"w-grid-item size_1x1 post-17753 post type-post status-publish format-standard has-post-thumbnail hentry category-cultura-es\" data-id=\"17753\">\n\t\t<div class=\"w-grid-item-h\">\n\t\t\t\t\t\t<div class=\"w-post-elm post_image usg_post_image_1 stretched\"><a href=\"https:\/\/www.lasoci.org\/es\/historia-barcelona-visita-aitona\/\" aria-label=\"Hist\u00f2ria Barcelona visita Aitona\"><img loading=\"lazy\" decoding=\"async\" width=\"600\" height=\"400\" src=\"https:\/\/www.lasoci.org\/wp-content\/uploads\/2026\/03\/IMG-20260316-WA0007-600x400.jpg\" class=\"attachment-us_600_400_crop size-us_600_400_crop wp-post-image\" alt=\"\" \/><\/a><\/div><div class=\"w-post-elm post_taxonomy usg_post_taxonomy_1 style_badge color_link_inherit\"><a class=\"w-btn us-btn-style_badge\" href=\"https:\/\/www.lasoci.org\/es\/category\/cultura-es\/\"><span class=\"w-btn-label\">Cultura<\/span><\/a><\/div><div class=\"w-vwrapper usg_vwrapper_1 align_left valign_top\"><h2 class=\"w-post-elm post_title usg_post_title_1 entry-title color_link_inherit\"><a href=\"https:\/\/www.lasoci.org\/es\/historia-barcelona-visita-aitona\/\">Hist\u00f2ria Barcelona visita Aitona<\/a><\/h2><div class=\"w-hwrapper usg_hwrapper_1 align_left valign_top wrap\"><time class=\"w-post-elm post_date usg_post_date_1 entry-date published\" datetime=\"2026-03-23T12:55:34+01:00\">23 marzo, 2026<\/time><\/div><div class=\"w-post-elm post_content usg_post_content_1\">Un grupo de compa\u00f1eros y compa\u00f1eras de Hist\u00f2ria Barcelona, \u200b\u200bcon Roser P\u00e1ez al frente, fueron a visitar Aitona el lunes&hellip;<\/div><\/div>\t\t<\/div>\n\t<\/article>\n\t<article class=\"w-grid-item size_1x1 post-17747 post type-post status-publish format-standard has-post-thumbnail hentry category-deporte\" data-id=\"17747\">\n\t\t<div class=\"w-grid-item-h\">\n\t\t\t\t\t\t<div class=\"w-post-elm post_image usg_post_image_1 stretched\"><a href=\"https:\/\/www.lasoci.org\/es\/espectacular-bajada-nocturna-de-esqui-girona-en-el-niu-de-laliga\/\" aria-label=\"Espectacular bajada nocturna de Esqu\u00ed Girona en el Niu de l&#8217;\u00c0liga\"><img loading=\"lazy\" decoding=\"async\" width=\"600\" height=\"400\" src=\"https:\/\/www.lasoci.org\/wp-content\/uploads\/2026\/03\/EsquiGirona2-600x400.jpeg\" class=\"attachment-us_600_400_crop size-us_600_400_crop wp-post-image\" alt=\"\" \/><\/a><\/div><div class=\"w-post-elm post_taxonomy usg_post_taxonomy_1 style_badge color_link_inherit\"><a class=\"w-btn us-btn-style_badge\" href=\"https:\/\/www.lasoci.org\/es\/category\/deporte\/\"><span class=\"w-btn-label\">Deporte<\/span><\/a><\/div><div class=\"w-vwrapper usg_vwrapper_1 align_left valign_top\"><h2 class=\"w-post-elm post_title usg_post_title_1 entry-title color_link_inherit\"><a href=\"https:\/\/www.lasoci.org\/es\/espectacular-bajada-nocturna-de-esqui-girona-en-el-niu-de-laliga\/\">Espectacular bajada nocturna de Esqu\u00ed Girona en el Niu de l&#8217;\u00c0liga<\/a><\/h2><div class=\"w-hwrapper usg_hwrapper_1 align_left valign_top wrap\"><time class=\"w-post-elm post_date usg_post_date_1 entry-date published\" datetime=\"2026-03-20T10:17:10+01:00\">20 marzo, 2026<\/time><\/div><div class=\"w-post-elm post_content usg_post_content_1\">Esquiar bajo las estrellas es lo que hicieron los compa\u00f1eros y compa\u00f1eras de Esqu\u00ed Girona, con Josep Foradada al frente,&hellip;<\/div><\/div>\t\t<\/div>\n\t<\/article>\n\t<article class=\"w-grid-item size_1x1 post-17737 post type-post status-publish format-standard has-post-thumbnail hentry category-voluntariado\" data-id=\"17737\">\n\t\t<div class=\"w-grid-item-h\">\n\t\t\t\t\t\t<div class=\"w-post-elm post_image usg_post_image_1 stretched\"><a href=\"https:\/\/www.lasoci.org\/es\/musica-popular-tenerife-trae-recuerdos-y-emocion-al-asilo-de-la-laguna\/\" aria-label=\"M\u00fasica Popular Tenerife trae recuerdos y emoci\u00f3n al Asilo de La Laguna\"><img loading=\"lazy\" decoding=\"async\" width=\"600\" height=\"400\" src=\"https:\/\/www.lasoci.org\/wp-content\/uploads\/2026\/03\/IMG-20260311-WA0002-600x400.jpg\" class=\"attachment-us_600_400_crop size-us_600_400_crop wp-post-image\" alt=\"\" \/><\/a><\/div><div class=\"w-post-elm post_taxonomy usg_post_taxonomy_1 style_badge color_link_inherit\"><a class=\"w-btn us-btn-style_badge\" href=\"https:\/\/www.lasoci.org\/es\/category\/voluntariado\/\"><span class=\"w-btn-label\">Voluntariado<\/span><\/a><\/div><div class=\"w-vwrapper usg_vwrapper_1 align_left valign_top\"><h2 class=\"w-post-elm post_title usg_post_title_1 entry-title color_link_inherit\"><a href=\"https:\/\/www.lasoci.org\/es\/musica-popular-tenerife-trae-recuerdos-y-emocion-al-asilo-de-la-laguna\/\">M\u00fasica Popular Tenerife trae recuerdos y emoci\u00f3n al Asilo de La Laguna<\/a><\/h2><div class=\"w-hwrapper usg_hwrapper_1 align_left valign_top wrap\"><time class=\"w-post-elm post_date usg_post_date_1 entry-date published\" datetime=\"2026-03-16T12:05:04+01:00\">16 marzo, 2026<\/time><\/div><div class=\"w-post-elm post_content usg_post_content_1\">Tal y como estaba programado, el mi\u00e9rcoles 11 de marzo, la secci\u00f3n M\u00fasica Popular Tenerife visit\u00f3 el Asilo de Ancianos&hellip;<\/div><\/div>\t\t<\/div>\n\t<\/article>\n<\/div><div class=\"w-grid-preloader\"><div class=\"g-preloader type_1\">\n\t<div><\/div>\n<\/div>\n<\/div>\t\t<div class=\"g-loadmore \">\n\t\t\t<div class=\"g-preloader type_1\">\n\t\t\t\t<div><\/div>\n\t\t\t<\/div>\n\t\t\t<a class=\"w-btn us-btn-style_1\" href=\"javascript:void(0)\">\n\t\t\t\t<span class=\"w-btn-label\">M\u00e1s Noticias<\/span>\n\t\t\t<\/a>\n\t\t<\/div>\n\t\t\t<div class=\"w-grid-json hidden\" onclick='return {&quot;action&quot;:&quot;us_ajax_grid&quot;,&quot;ajax_url&quot;:&quot;https:\\\/\\\/www.lasoci.org\\\/wp-admin\\\/admin-ajax.php&quot;,&quot;infinite_scroll&quot;:0,&quot;max_num_pages&quot;:74,&quot;pagination&quot;:&quot;ajax&quot;,&quot;permalink_url&quot;:&quot;https:\\\/\\\/www.lasoci.org\\\/es\\\/wp-json\\\/wp\\\/v2\\\/pages\\\/7955\\\/&quot;,&quot;template_vars&quot;:{&quot;columns&quot;:&quot;3&quot;,&quot;exclude_items&quot;:&quot;none&quot;,&quot;img_size&quot;:&quot;us_600_400_crop&quot;,&quot;ignore_items_size&quot;:false,&quot;items_layout&quot;:&quot;17842&quot;,&quot;items_offset&quot;:&quot;1&quot;,&quot;load_animation&quot;:&quot;none&quot;,&quot;overriding_link&quot;:&quot;none&quot;,&quot;post_id&quot;:7955,&quot;query_args&quot;:{&quot;post_type&quot;:[&quot;post&quot;],&quot;post_status&quot;:[&quot;publish&quot;],&quot;posts_per_page&quot;:&quot;9&quot;},&quot;orderby_query_args&quot;:{&quot;orderby&quot;:{&quot;date&quot;:&quot;DESC&quot;}},&quot;type&quot;:&quot;grid&quot;,&quot;us_grid_ajax_index&quot;:1,&quot;us_grid_filter_params&quot;:null,&quot;us_grid_index&quot;:1,&quot;_us_grid_post_type&quot;:&quot;post&quot;,&quot;lang&quot;:&quot;es&quot;}}'><\/div>\n\t<\/div><\/div><\/div><\/div><\/div><\/div><\/section>\n<\/div>","protected":false},"excerpt":{"rendered":"Tal y como estaba programado, el mi\u00e9rcoles 11 de marzo, la secci\u00f3n M\u00fasica Popular Tenerife visit\u00f3 el Asilo de Ancianos de La Laguna para ofrecer una actuaci\u00f3n musical dirigida a los residentes del centro. La actividad cont\u00f3 con la asistencia de unas 110 personas, entre residentes, personal del centro y familiares. Durante aproximadamente 45 minutos,...","protected":false},"author":2,"featured_media":0,"parent":0,"menu_order":0,"comment_status":"closed","ping_status":"closed","template":"","meta":{"footnotes":""},"class_list":["post-7955","page","type-page","status-publish","hentry"],"_links":{"self":[{"href":"https:\/\/www.lasoci.org\/es\/wp-json\/wp\/v2\/pages\/7955","targetHints":{"allow":["GET"]}}],"collection":[{"href":"https:\/\/www.lasoci.org\/es\/wp-json\/wp\/v2\/pages"}],"about":[{"href":"https:\/\/www.lasoci.org\/es\/wp-json\/wp\/v2\/types\/page"}],"author":[{"embeddable":true,"href":"https:\/\/www.lasoci.org\/es\/wp-json\/wp\/v2\/users\/2"}],"replies":[{"embeddable":true,"href":"https:\/\/www.lasoci.org\/es\/wp-json\/wp\/v2\/comments?post=7955"}],"version-history":[{"count":18,"href":"https:\/\/www.lasoci.org\/es\/wp-json\/wp\/v2\/pages\/7955\/revisions"}],"predecessor-version":[{"id":17847,"href":"https:\/\/www.lasoci.org\/es\/wp-json\/wp\/v2\/pages\/7955\/revisions\/17847"}],"wp:attachment":[{"href":"https:\/\/www.lasoci.org\/es\/wp-json\/wp\/v2\/media?parent=7955"}],"curies":[{"name":"wp","href":"https:\/\/api.w.org\/{rel}","templated":true}]}}