{"id":7909,"date":"2020-02-05T19:34:13","date_gmt":"2020-02-05T18:34:13","guid":{"rendered":"https:\/\/www.lasoci.org\/quien-somos\/organizacion\/"},"modified":"2026-03-25T11:24:43","modified_gmt":"2026-03-25T10:24:43","slug":"organizacion","status":"publish","type":"page","link":"https:\/\/www.lasoci.org\/es\/quien-somos\/organizacion\/","title":{"rendered":"Organizaci\u00f3n"},"content":{"rendered":"<div class=\"wpb-content-wrapper\"><section class=\"l-section wpb_row height_small color_alternate\" id=\"intro\"><div class=\"l-section-h i-cf\"><div class=\"g-cols vc_row type_default valign_top\"><div class=\"vc_col-sm-12 wpb_column vc_column_container\"><div class=\"vc_column-inner\"><div class=\"wpb_wrapper\"><div class=\"g-cols wpb_row  type_default valign_top vc_inner\"><div class=\"vc_col-sm-12 wpb_column vc_column_container\"><div class=\"vc_column-inner\"><div class=\"wpb_wrapper\"><div class=\"wpb_text_column\" ><div class=\"wpb_wrapper\"><h2 style=\"text-align: center;\">UN GRAN EQUIPO A TU SERVICIO<\/h2>\n<p style=\"text-align: center;\">Consulta cu\u00e1les son las diferentes Juntas y Comisiones de la Asociaci\u00f3n del Personal de \u201cla Caixa\u201d<\/p>\n<\/div><\/div><\/div><\/div><\/div><\/div><\/div><\/div><\/div><\/div><\/div><\/section><section class=\"l-section wpb_row height_medium\" id=\"content\"><div class=\"l-section-h i-cf\"><div class=\"g-cols vc_row type_default valign_top\"><div class=\"vc_col-sm-12 wpb_column vc_column_container\"><div class=\"vc_column-inner\"><div class=\"wpb_wrapper\"><div class=\"w-tabs layout_hor style_default switch_click icon_chevron iconpos_right title_atleft\"><div class=\"w-tabs-list hidden items_4 stretch\" style=\"font-family:&#039;Zurich Light Condensed&#039;, sans-serif;\"><div class=\"w-tabs-list-h\"><a class=\"w-tabs-item active defined-active with_icon\" aria-controls=\"content-69f538d0f37e5\" href=\"javascript:void(0);\"><i class=\"fas fa-sitemap\"><\/i><span class=\"w-tabs-item-title\">Organigrama gr\u00e1fico<\/span><\/a><a class=\"w-tabs-item with_icon\" aria-controls=\"content-69f538d0f4098\" href=\"javascript:void(0);\"><i class=\"fas fa-users\"><\/i><span class=\"w-tabs-item-title\">Junta Rectora<\/span><\/a><a class=\"w-tabs-item with_icon\" aria-controls=\"content-69f538d103724\" href=\"javascript:void(0);\"><i class=\"fas fa-user-friends\"><\/i><span class=\"w-tabs-item-title\">Junta Directiva<\/span><\/a><a class=\"w-tabs-item with_icon\" aria-controls=\"content-69f538d10375c\" href=\"javascript:void(0);\"><i class=\"fas fa-file-alt\"><\/i><span class=\"w-tabs-item-title\">Reglamentos + Memorias<\/span><\/a><\/div><\/div><div class=\"w-tabs-sections\"><div class=\"w-tabs-sections-h\"><div class=\"w-tabs-section with_icon active\" id=\"69f538d0f37e5\"><button aria-controls=\"content-69f538d0f37e5\" class=\"w-tabs-section-header active\"><div class=\"w-tabs-section-header-h\"><i class=\"fas fa-sitemap\"><\/i><div class=\"w-tabs-section-title\">Organigrama gr\u00e1fico<\/div><div class=\"w-tabs-section-control\"><\/div><\/div><\/button><div class=\"w-tabs-section-content\" id=\"content-69f538d0f37e5\" aria-expanded=\"true\"><div class=\"w-tabs-section-content-h i-cf\"><div class=\"g-cols wpb_row  type_default valign_top gap-30 vc_inner\"><style>.g-cols.gap-30{margin:0 calc(-1.5rem - 30)}.gap-30 > .vc_column_container {padding:30}<\/style><div class=\"vc_col-sm-12 wpb_column vc_column_container\"><div class=\"vc_column-inner\"><div class=\"wpb_wrapper\"><div class=\"wpb_text_column\" ><div class=\"wpb_wrapper\"><h2>Organigrama gr\u00e1fico<\/h2>\n<\/div><\/div><div class=\"w-separator size_small\"><\/div><div class=\"wpb_text_column us_custom_03f3d98b\" ><div class=\"wpb_wrapper\"><p>La Junta Rectora es el m\u00e1ximo \u00f3rgano de gobierno de la Asociaci\u00f3n, formada por representantes territoriales elegidos por sufragio directo de los asociados y asociadas. Una de las funciones de la Junta Rectora es escoger los asociados y asociadas que formar\u00e1n parte de la Junta Directiva, entre los que tambi\u00e9n el presidente o presidenta de la Asociaci\u00f3n.<\/p>\n<p>La Junta Directiva cuenta con la ayuda de la Comisi\u00f3n Econ\u00f3mica en la gesti\u00f3n econ\u00f3mica de las actividades sociales de las secciones de la Asociaci\u00f3n. Esta comisi\u00f3n est\u00e1 formada por cuatro miembros de la Junta Directiva y tres delegados de secciones.<\/p>\n<p>Los delegados y delegadas de las secciones son nombrados por la Junta Directiva a propuesta de los miembros de cada secci\u00f3n. Son representantes de la Junta Directiva, y su cometido primordial es programar las actividades, hacer el presupuesto, pedir las aportaciones correspondientes, y cuidar de la organizaci\u00f3n y funcionamiento de las actividades, velando por el eficaz desarrollo.<\/p>\n<\/div><\/div><div class=\"w-image align_none\"><div class=\"w-image-h\"><img loading=\"lazy\" decoding=\"async\" width=\"1501\" height=\"405\" src=\"https:\/\/www.lasoci.org\/wp-content\/uploads\/2019\/06\/Recurso-4@2x.png\" class=\"attachment-full size-full\" alt=\"\" srcset=\"https:\/\/www.lasoci.org\/wp-content\/uploads\/2019\/06\/Recurso-4@2x.png 1501w, https:\/\/www.lasoci.org\/wp-content\/uploads\/2019\/06\/Recurso-4@2x-300x81.png 300w, https:\/\/www.lasoci.org\/wp-content\/uploads\/2019\/06\/Recurso-4@2x-1024x276.png 1024w, https:\/\/www.lasoci.org\/wp-content\/uploads\/2019\/06\/Recurso-4@2x-1200x324.png 1200w\" sizes=\"auto, (max-width: 1501px) 100vw, 1501px\" \/><\/div><\/div><\/div><\/div><\/div><\/div><\/div><\/div><\/div><div class=\"w-tabs-section with_icon\" id=\"69f538d0f4098\"><button aria-controls=\"content-69f538d0f4098\" class=\"w-tabs-section-header\"><div class=\"w-tabs-section-header-h\"><i class=\"fas fa-users\"><\/i><div class=\"w-tabs-section-title\">Junta Rectora<\/div><div class=\"w-tabs-section-control\"><\/div><\/div><\/button><div class=\"w-tabs-section-content\" id=\"content-69f538d0f4098\" aria-expanded=\"false\"><div class=\"w-tabs-section-content-h i-cf\"><div class=\"g-cols wpb_row  type_default valign_top vc_inner\"><div class=\"vc_col-sm-6 wpb_column vc_column_container\"><div class=\"vc_column-inner\"><div class=\"wpb_wrapper\"><div class=\"wpb_text_column\" ><div class=\"wpb_wrapper\"><h2>Junta Rectora<\/h2>\n<p>La Junta Rectora es el m\u00e1ximo \u00f3rgano de gobierno de la Asociaci\u00f3n, los miembros son los representantes territoriales elegidos por sufragio directo de los asociados.<\/p>\n<p>Su funci\u00f3n es:<\/p>\n<ul>\n<li>Determinar las directrices a aplicar a la vida asociativa<\/li>\n<li>Velar por el cumplimiento de los principios institucionales<\/li>\n<li>Aprobar las nuevas actividades, el plan global y los presupuestos<\/li>\n<li>Escoger los asociados que formar\u00e1n parte de la Junta Directiva<\/li>\n<\/ul>\n<p>Adem\u00e1s, las funciones de los rectores, entre otros, son:<\/p>\n<ul>\n<li>Informar objetivamente de los acuerdos tomados en la Junta Rectora a los asociados representados, y recoger sus aportaciones, dudas e inquietudes.<\/li>\n<li>Dinamizar las actividades de su demarcaci\u00f3n, y mantener una actitud proactiva para captar nuevos asociados y asociadas.<\/li>\n<\/ul>\n<p>Representar la Asociaci\u00f3n en aquellos actos a los que no pueda asistir la Junta Directiva.<\/p>\n<p>Para contactar con algunos de sus miembros, env\u00eda un correo electr\u00f3nico a <a href=\"mailto:rectora@lasoci.org\">rectora@lasoci.org<\/a>.<\/p>\n<\/div><\/div><\/div><\/div><\/div><div class=\"vc_col-sm-6 wpb_column vc_column_container\"><div class=\"vc_column-inner us_custom_b18a111d\"><div class=\"wpb_wrapper\"><\/div><\/div><\/div><\/div><\/div><\/div><\/div><div class=\"w-tabs-section with_icon\" id=\"69f538d103724\"><button aria-controls=\"content-69f538d103724\" class=\"w-tabs-section-header\"><div class=\"w-tabs-section-header-h\"><i class=\"fas fa-user-friends\"><\/i><div class=\"w-tabs-section-title\">Junta Directiva<\/div><div class=\"w-tabs-section-control\"><\/div><\/div><\/button><div class=\"w-tabs-section-content\" id=\"content-69f538d103724\" aria-expanded=\"false\"><div class=\"w-tabs-section-content-h i-cf\"><div class=\"wpb_text_column us_custom_f79b6140\" ><div class=\"wpb_wrapper\"><h2>Junta Directiva<\/h2>\n<p>La Junta Directiva gestiona la Asociaci\u00f3n y vela por el cumplimiento de sus principios y de las directrices marcadas por la Junta Rectora.<\/p>\n<\/div><\/div><div class=\"w-separator size_small\"><\/div><div class=\"g-cols wpb_row  type_default valign_top vc_inner\"><div class=\"vc_col-sm-4 wpb_column vc_column_container\"><div class=\"vc_column-inner\"><div class=\"wpb_wrapper\"><div class=\"wpb_text_column\" ><div class=\"wpb_wrapper\"><p style=\"text-align: center;\"><span style=\"color: #ef7d00; font-size: 25px; font-weight: 400; text-transform: uppercase;\">M. Vict\u00f2ria de Lucas Coves<\/span><br \/>\nPresidenta<\/p>\n<\/div><\/div><div class=\"w-separator size_small\"><\/div><div class=\"wpb_text_column\" ><div class=\"wpb_wrapper\"><p style=\"text-align: center;\"><span style=\"color: #ef7d00; font-size: 25px; font-weight: 400; text-transform: uppercase;\">Francesc Xavier Valdivieso Font<\/span><br \/>\nSecretario<\/p>\n<\/div><\/div><div class=\"w-separator size_small\"><\/div><div class=\"wpb_text_column\" ><div class=\"wpb_wrapper\"><p style=\"text-align: center;\"><span style=\"color: #ef7d00; font-size: 25px; font-weight: 400; text-transform: uppercase;\">Ruth Barrera Segura<\/span><br \/>\nVocal<\/p>\n<\/div><\/div><div class=\"w-separator size_small\"><\/div><div class=\"wpb_text_column\" ><div class=\"wpb_wrapper\"><p style=\"text-align: center;\"><span style=\"color: #ef7d00; font-size: 25px; font-weight: 400; text-transform: uppercase;\">JAVIER FARP\u00d3N MART\u00cdNEZ<\/span><br \/>\nVocal<\/p>\n<\/div><\/div><\/div><\/div><\/div><div class=\"vc_col-sm-4 wpb_column vc_column_container\"><div class=\"vc_column-inner\"><div class=\"wpb_wrapper\"><div class=\"wpb_text_column\" ><div class=\"wpb_wrapper\"><p style=\"text-align: center;\"><span style=\"color: #ef7d00; font-size: 25px; font-weight: 400; text-transform: uppercase;\">Pere Padr\u00f3 Balcells<\/span><br \/>\nVicepresidente 1\u00ba<\/p>\n<\/div><\/div><div class=\"w-separator size_small\"><\/div><div class=\"wpb_text_column\" ><div class=\"wpb_wrapper\"><p style=\"text-align: center;\"><span style=\"color: #ef7d00; font-size: 25px; font-weight: 400; text-transform: uppercase;\">Albert Rius Oll\u00e9<\/span><br \/>\nTesorero<\/p>\n<\/div><\/div><div class=\"w-separator size_small\"><\/div><div class=\"wpb_text_column\" ><div class=\"wpb_wrapper\"><p style=\"text-align: center;\"><span style=\"color: #ef7d00; font-size: 25px; font-weight: 400; text-transform: uppercase;\">Vera Paola Casoni-Valenti Samaranch<\/span><br \/>\nVocal<\/p>\n<\/div><\/div><div class=\"w-separator size_small\"><\/div><div class=\"wpb_text_column\" ><div class=\"wpb_wrapper\"><p style=\"text-align: center;\"><span style=\"color: #ef7d00; font-size: 25px; font-weight: 400; text-transform: uppercase;\">Josep Llu\u00eds Masriera Ravent\u00f3s<\/span><br \/>\nVocal<\/p>\n<\/div><\/div><div class=\"w-separator size_small\"><\/div><div class=\"wpb_text_column\" ><div class=\"wpb_wrapper\"><p style=\"text-align: center;\"><span style=\"color: #ef7d00; font-size: 25px; font-weight: 400; text-transform: uppercase;\">jordi sumalla llobera<\/span><br \/>\nVocal<\/p>\n<\/div><\/div><\/div><\/div><\/div><div class=\"vc_col-sm-4 wpb_column vc_column_container\"><div class=\"vc_column-inner\"><div class=\"wpb_wrapper\"><div class=\"wpb_text_column\" ><div class=\"wpb_wrapper\"><p style=\"text-align: center;\"><span style=\"color: #ef7d00; font-size: 25px; font-weight: 400; text-transform: uppercase;\">Elisa Isabel C\u00f3der Gallego<\/span><br \/>\nVicepresidenta 2\u00aa<\/p>\n<\/div><\/div><div class=\"w-separator size_small\"><\/div><div class=\"wpb_text_column\" ><div class=\"wpb_wrapper\"><p style=\"text-align: center;\"><span style=\"color: #ef7d00; font-size: 25px; font-weight: 400; text-transform: uppercase;\">MARIA L\u00d3PEZ JA\u00c9N<\/span><br \/>\nContadora<\/p>\n<\/div><\/div><div class=\"w-separator size_small\"><\/div><div class=\"wpb_text_column\" ><div class=\"wpb_wrapper\"><p style=\"text-align: center;\"><span style=\"color: #ef7d00; font-size: 25px; font-weight: 400; text-transform: uppercase;\">\u00c1lvaro de irueta calcedo<\/span><br \/>\nVocal<\/p>\n<\/div><\/div><div class=\"w-separator size_small\"><\/div><div class=\"wpb_text_column\" ><div class=\"wpb_wrapper\"><p style=\"text-align: center;\"><span style=\"color: #ef7d00; font-size: 25px; font-weight: 400; text-transform: uppercase;\">Josep Mitjans Rius<\/span><br \/>\nVocal<\/p>\n<\/div><\/div><\/div><\/div><\/div><\/div><\/div><\/div><\/div><div class=\"w-tabs-section with_icon\" id=\"69f538d10375c\"><button aria-controls=\"content-69f538d10375c\" class=\"w-tabs-section-header\"><div class=\"w-tabs-section-header-h\"><i class=\"fas fa-file-alt\"><\/i><div class=\"w-tabs-section-title\">Reglamentos + Memorias<\/div><div class=\"w-tabs-section-control\"><\/div><\/div><\/button><div class=\"w-tabs-section-content\" id=\"content-69f538d10375c\" aria-expanded=\"false\"><div class=\"w-tabs-section-content-h i-cf\">[vc_raw_html]PHA+W2ZpbmlzX25vcm1hdGl2YV08L3A+[\/vc_raw_html]<\/div><\/div><\/div><\/div><\/div><\/div><\/div><\/div><\/div><\/div><\/div><\/section>\n<\/div>","protected":false},"excerpt":{"rendered":"UN GRAN EQUIPO A TU SERVICIO Consulta cu\u00e1les son las diferentes Juntas y Comisiones de la Asociaci\u00f3n del Personal de \u201cla Caixa\u201d Organigrama gr\u00e1ficoJunta RectoraJunta DirectivaReglamentos + MemoriasOrganigrama gr\u00e1ficoOrganigrama gr\u00e1fico La Junta Rectora es el m\u00e1ximo \u00f3rgano de gobierno de la Asociaci\u00f3n, formada por representantes territoriales elegidos por sufragio directo de los asociados y asociadas....","protected":false},"author":2,"featured_media":0,"parent":7905,"menu_order":0,"comment_status":"closed","ping_status":"closed","template":"","meta":{"footnotes":""},"class_list":["post-7909","page","type-page","status-publish","hentry"],"_links":{"self":[{"href":"https:\/\/www.lasoci.org\/es\/wp-json\/wp\/v2\/pages\/7909","targetHints":{"allow":["GET"]}}],"collection":[{"href":"https:\/\/www.lasoci.org\/es\/wp-json\/wp\/v2\/pages"}],"about":[{"href":"https:\/\/www.lasoci.org\/es\/wp-json\/wp\/v2\/types\/page"}],"author":[{"embeddable":true,"href":"https:\/\/www.lasoci.org\/es\/wp-json\/wp\/v2\/users\/2"}],"replies":[{"embeddable":true,"href":"https:\/\/www.lasoci.org\/es\/wp-json\/wp\/v2\/comments?post=7909"}],"version-history":[{"count":30,"href":"https:\/\/www.lasoci.org\/es\/wp-json\/wp\/v2\/pages\/7909\/revisions"}],"predecessor-version":[{"id":17756,"href":"https:\/\/www.lasoci.org\/es\/wp-json\/wp\/v2\/pages\/7909\/revisions\/17756"}],"up":[{"embeddable":true,"href":"https:\/\/www.lasoci.org\/es\/wp-json\/wp\/v2\/pages\/7905"}],"wp:attachment":[{"href":"https:\/\/www.lasoci.org\/es\/wp-json\/wp\/v2\/media?parent=7909"}],"curies":[{"name":"wp","href":"https:\/\/api.w.org\/{rel}","templated":true}]}}