{"id":7726,"date":"2020-02-05T18:45:43","date_gmt":"2020-02-05T17:45:43","guid":{"rendered":"https:\/\/www.lasoci.org\/inicio\/"},"modified":"2026-04-13T14:17:46","modified_gmt":"2026-04-13T12:17:46","slug":"inicio","status":"publish","type":"page","link":"https:\/\/www.lasoci.org\/es\/","title":{"rendered":"Inicio"},"content":{"rendered":"<div class=\"wpb-content-wrapper\"><section class=\"l-section wpb_row us_custom_72fc42ef height_auto\"><div class=\"l-section-h i-cf\"><div class=\"g-cols vc_row type_default valign_top\"><div class=\"vc_col-sm-12 wpb_column vc_column_container\"><div class=\"vc_column-inner us_custom_12a0f7a4\"><div class=\"wpb_wrapper\">[rev_slider_vc alias=\u00bbhome-cat-1&#8243;]<\/div><\/div><\/div><\/div><\/div><\/section><section class=\"l-section wpb_row height_small color_primary\"><div class=\"l-section-h i-cf\"><div class=\"g-cols vc_row type_default valign_top\"><div class=\"vc_col-sm-12 wpb_column vc_column_container\"><div class=\"vc_column-inner\"><div class=\"wpb_wrapper\"><h3 class=\"w-itext type_zoomInChars align_center\" onclick='return {&quot;duration&quot;:100,&quot;delay&quot;:3000,&quot;disablePartAnimation&quot;:false,&quot;html_nbsp_char&quot;:true}'>Bienvenidos\u00a0a\u00a0la\u00a0asociaci\u00f3n\u00a0de\u00a0todo\u00a0el\u00a0personal\u00a0de\u00a0CaixaBank\u00a0y\u00a0la\u00a0Fundaci\u00f3n \"la\u00a0Caixa\", y\u00a0de\u00a0sus\u00a0familiares<\/h3><\/div><\/div><\/div><\/div><\/div><\/section><section class=\"l-section wpb_row height_medium\"><div class=\"l-section-h i-cf\"><div class=\"g-cols vc_row type_default valign_top\"><div class=\"vc_col-sm-12 wpb_column vc_column_container\"><div class=\"vc_column-inner\"><div class=\"wpb_wrapper\"><div class=\"g-cols wpb_row  us_custom_cf892935 type_default valign_top vc_inner\"><div class=\"vc_col-sm-4 wpb_column vc_column_container\"><div class=\"vc_column-inner\"><div class=\"wpb_wrapper\"><div class=\"w-iconbox iconpos_top style_circle color_light align_center\"><a title=\"Secciones deportivas\" href=\"https:\/\/www.lasoci.org\/es\/que-hacemos\/secciones-deportivas\/\" class=\"w-iconbox-link\" aria-label=\"Secciones Deportivas\"><div class=\"w-iconbox-icon\" style=\"font-size:2rem;\"><i class=\"far fa-running\"><\/i><\/div><\/a><div class=\"w-iconbox-meta\"><a title=\"Secciones deportivas\" href=\"https:\/\/www.lasoci.org\/es\/que-hacemos\/secciones-deportivas\/\" class=\"w-iconbox-link\" aria-label=\"Secciones Deportivas\"><h4 class=\"w-iconbox-title\">Secciones Deportivas<\/h4><\/a><div class=\"w-iconbox-text\"><p class=\"m-3660141812691238551msonospacing\">\u00bfTodav\u00eda no te has decidido? Tenemos 167 secciones deportivas de 27 deportes diferentes<\/p>\n<\/div><\/div><\/div><\/div><\/div><\/div><div class=\"vc_col-sm-4 wpb_column vc_column_container\"><div class=\"vc_column-inner\"><div class=\"wpb_wrapper\"><div class=\"w-iconbox iconpos_top style_circle color_light align_center\"><a title=\"Secciones culturales\" href=\"https:\/\/www.lasoci.org\/es\/que-hacemos\/secciones-culturales\/\" class=\"w-iconbox-link\" aria-label=\"Secciones Culturales\"><div class=\"w-iconbox-icon\" style=\"font-size:2rem;\"><i class=\"far fa-theater-masks\"><\/i><\/div><\/a><div class=\"w-iconbox-meta\"><a title=\"Secciones culturales\" href=\"https:\/\/www.lasoci.org\/es\/que-hacemos\/secciones-culturales\/\" class=\"w-iconbox-link\" aria-label=\"Secciones Culturales\"><h4 class=\"w-iconbox-title\">Secciones Culturales<\/h4><\/a><div class=\"w-iconbox-text\"><p>Nos gusta la cultura. Tenemos 41 secciones culturales de 13 actividades. \u00bfCu\u00e1l es tu talento?<\/p>\n<\/div><\/div><\/div><\/div><\/div><\/div><div class=\"vc_col-sm-4 wpb_column vc_column_container\"><div class=\"vc_column-inner\"><div class=\"wpb_wrapper\"><div class=\"w-iconbox iconpos_top style_circle color_light align_center\"><a title=\"Actividades\" href=\"https:\/\/www.lasoci.org\/es\/que-hacemos\/actividades-sociales-y-talleres-online\/\" class=\"w-iconbox-link\" aria-label=\"Talleres y actividades sociales\"><div class=\"w-iconbox-icon\" style=\"font-size:2rem;\"><i class=\"far fa-chalkboard-teacher\"><\/i><\/div><\/a><div class=\"w-iconbox-meta\"><a title=\"Actividades\" href=\"https:\/\/www.lasoci.org\/es\/que-hacemos\/actividades-sociales-y-talleres-online\/\" class=\"w-iconbox-link\" aria-label=\"Talleres y actividades sociales\"><h4 class=\"w-iconbox-title\">Talleres y actividades sociales<\/h4><\/a><div class=\"w-iconbox-text\"><p>Organizamos encuentros de asociados, culturales, copas deportivas, talleres, conferencias\u2026 \u00a1y mucho m\u00e1s!<\/p>\n<\/div><\/div><\/div><\/div><\/div><\/div><\/div><div class=\"g-cols wpb_row  type_default valign_top vc_inner\"><div class=\"vc_col-sm-4 wpb_column vc_column_container\"><div class=\"vc_column-inner\"><div class=\"wpb_wrapper\"><div class=\"w-iconbox iconpos_top style_circle color_light align_center\"><a title=\"Voluntariado\" href=\"https:\/\/www.lasoci.org\/es\/voluntariado\/\" class=\"w-iconbox-link\" aria-label=\"Voluntariado\"><div class=\"w-iconbox-icon\" style=\"font-size:2rem;\"><i class=\"far fa-hand-holding-heart\"><\/i><\/div><\/a><div class=\"w-iconbox-meta\"><a title=\"Voluntariado\" href=\"https:\/\/www.lasoci.org\/es\/voluntariado\/\" class=\"w-iconbox-link\" aria-label=\"Voluntariado\"><h4 class=\"w-iconbox-title\">Voluntariado<\/h4><\/a><div class=\"w-iconbox-text\"><p>\u00danete a la solidaridad. Est\u00e1 en tus manos hacer un mundo mejor. \u00a1Ay\u00fadanos a conseguirlo!<\/p>\n<\/div><\/div><\/div><\/div><\/div><\/div><div class=\"vc_col-sm-4 wpb_column vc_column_container\"><div class=\"vc_column-inner\"><div class=\"wpb_wrapper\"><div class=\"w-iconbox iconpos_top style_circle color_light align_center\"><a title=\"Ventajas\" href=\"https:\/\/www.lasoci.org\/es\/ventajas\/\" class=\"w-iconbox-link\" aria-label=\"Ventajas\"><div class=\"w-iconbox-icon\" style=\"font-size:2rem;\"><i class=\"far fa-tags\"><\/i><\/div><\/a><div class=\"w-iconbox-meta\"><a title=\"Ventajas\" href=\"https:\/\/www.lasoci.org\/es\/ventajas\/\" class=\"w-iconbox-link\" aria-label=\"Ventajas\"><h4 class=\"w-iconbox-title\">Ventajas<\/h4><\/a><div class=\"w-iconbox-text\"><p>Si quieres un coche nuevo, viajar, ir al gimnasio\u2026 Las mejores ofertas, \u00a1solo por ser de La Soci!<\/p>\n<\/div><\/div><\/div><\/div><\/div><\/div><div class=\"vc_col-sm-4 wpb_column vc_column_container\"><div class=\"vc_column-inner\"><div class=\"wpb_wrapper\"><div class=\"w-iconbox iconpos_top style_circle color_light align_center\"><a title=\"Servicios\" href=\"https:\/\/www.lasoci.org\/es\/que-hacemos\/servicios\/\" class=\"w-iconbox-link\" aria-label=\"Servicios\"><div class=\"w-iconbox-icon\" style=\"font-size:2rem;\"><i class=\"far fa-address-card\"><\/i><\/div><\/a><div class=\"w-iconbox-meta\"><a title=\"Servicios\" href=\"https:\/\/www.lasoci.org\/es\/que-hacemos\/servicios\/\" class=\"w-iconbox-link\" aria-label=\"Servicios\"><h4 class=\"w-iconbox-title\">Servicios<\/h4><\/a><div class=\"w-iconbox-text\"><p>Compra-venta, alquiler de inmuebles y otros servicios, equipaciones deportivas de secciones\u2026<\/p>\n<\/div><\/div><\/div><\/div><\/div><\/div><\/div><\/div><\/div><\/div><div class=\"vc_col-sm-12 wpb_column vc_column_container\"><div class=\"vc_column-inner\"><div class=\"wpb_wrapper\"><\/div><\/div><\/div><\/div><\/div><\/section><section class=\"l-section wpb_row height_medium color_alternate\" id=\"first\"><div class=\"l-section-h i-cf\"><div class=\"g-cols vc_row type_default valign_top\"><div class=\"vc_col-sm-12 wpb_column vc_column_container\"><div class=\"vc_column-inner\"><div class=\"wpb_wrapper\"><div class=\"wpb_text_column\" ><div class=\"wpb_wrapper\"><h2 style=\"text-align: center;\"><span style=\"color: #ef7d00;\">\u00daltimas noticias<\/span><\/h2>\n<\/div><\/div><div class=\"w-separator size_large\"><\/div><div class=\"w-grid type_grid layout_blog_9 cols_3 overflow_hidden\" id=\"us_grid_1\" data-filterable=\"true\"><style id=\"us_grid_1_css\">#us_grid_1 .w-grid-item{padding:20px}#us_grid_1 .w-grid-list{margin:-20px}.w-grid + #us_grid_1 .w-grid-list{margin-top:20px}@media (max-width:899px){#us_grid_1 .w-grid-item{width:50.0000%}}@media (max-width:599px){#us_grid_1 .w-grid-list{margin:0}#us_grid_1 .w-grid-item{width:100.0000%;padding:0;margin-bottom:20px}}@media (min-width:1024px){#us_grid_1 .w-post-elm.post_title{font-size:22px!important}}<\/style><style>.layout_blog_9 .w-grid-item-h{background:#ffffff;color:#ef7d00;border-radius:0.3rem;z-index:3;box-shadow:0 0.03rem 0.06rem rgba(0,0,0,0.1),0 0.10rem 0.30rem rgba(0,0,0,0.1);transition-duration:0.3s}.no-touch .layout_blog_9 .w-grid-item-h:hover{box-shadow:0 0.12rem 0.24rem rgba(0,0,0,0.1),0 0.40rem 1.20rem rgba(0,0,0,0.15);z-index:4}.layout_blog_9 .usg_vwrapper_1{padding:0.8rem 1.5rem 1.5rem 1.5rem!important}.layout_blog_9 .usg_hwrapper_1{margin-bottom:0.3rem!important}.layout_blog_9 .usg_post_taxonomy_1{font-size:14px!important;font-weight:700!important;text-transform:uppercase!important;margin-right:0.6rem!important}.layout_blog_9 .usg_post_date_1{color:#999999!important;font-size:14px!important;margin-bottom:0.3rem!important}.layout_blog_9 .usg_post_title_1{color:inherit!important;font-weight:700!important;font-size:1.4rem!important}@media (max-width:599px){.layout_blog_9 .usg_post_title_1{font-size:1.2rem!important}}<\/style><div class=\"w-grid-list\" >\t<article class=\"w-grid-item size_1x1 post-17813 post type-post status-publish format-standard has-post-thumbnail hentry category-deporte\" data-id=\"17813\">\n\t\t<div class=\"w-grid-item-h\">\n\t\t\t\t\t\t\t<a class=\"w-grid-item-anchor\" href=\"https:\/\/www.lasoci.org\/es\/multiaventura-sevilla-se-estrena-haciendo-escalada-en-rocodromo\/\" rel=\"bookmark\" aria-label=\"Multiaventura Sevilla se estrena haciendo escalada en roc\u00f3dromo\"><\/a>\n\t\t\t\t\t\t<div class=\"w-post-elm post_image usg_post_image_1 stretched\"><a href=\"https:\/\/www.lasoci.org\/es\/multiaventura-sevilla-se-estrena-haciendo-escalada-en-rocodromo\/\" aria-label=\"Multiaventura Sevilla se estrena haciendo escalada en roc\u00f3dromo\"><img loading=\"lazy\" decoding=\"async\" width=\"600\" height=\"400\" src=\"https:\/\/www.lasoci.org\/wp-content\/uploads\/2026\/04\/MultiAventuraSevilla2-600x400.jpg\" class=\"attachment-us_600_400_crop size-us_600_400_crop wp-post-image\" alt=\"\" \/><\/a><\/div><div class=\"w-vwrapper usg_vwrapper_1 align_left valign_top\"><div class=\"w-hwrapper usg_hwrapper_1 align_left valign_top\"><div class=\"w-post-elm post_taxonomy usg_post_taxonomy_1 style_simple\"><a href=\"https:\/\/www.lasoci.org\/es\/category\/deporte\/\">Deporte<\/a><\/div><time class=\"w-post-elm post_date usg_post_date_1 entry-date published\" datetime=\"2026-04-21T09:50:04+02:00\" title=\"21 abril 2026 a las 09:50:04 Europe\/Madrid\">21 Abr a las 09:50<\/time><\/div><h2 class=\"w-post-elm post_title usg_post_title_1 entry-title color_link_inherit has_text_color\"><a href=\"https:\/\/www.lasoci.org\/es\/multiaventura-sevilla-se-estrena-haciendo-escalada-en-rocodromo\/\">Multiaventura Sevilla se estrena haciendo escalada en roc\u00f3dromo<\/a><\/h2><\/div>\t\t<\/div>\n\t<\/article>\n\t<article class=\"w-grid-item size_1x1 post-17798 post type-post status-publish format-standard has-post-thumbnail hentry category-cultura-es\" data-id=\"17798\">\n\t\t<div class=\"w-grid-item-h\">\n\t\t\t\t\t\t\t<a class=\"w-grid-item-anchor\" href=\"https:\/\/www.lasoci.org\/es\/visita-al-institut-cartografic-i-geologic-de-catalunya\/\" rel=\"bookmark\" aria-label=\"Visita al Institut Cartogr\u00e0fic i Geol\u00f2gic de Catalunya\"><\/a>\n\t\t\t\t\t\t<div class=\"w-post-elm post_image usg_post_image_1 stretched\"><a href=\"https:\/\/www.lasoci.org\/es\/visita-al-institut-cartografic-i-geologic-de-catalunya\/\" aria-label=\"Visita al Institut Cartogr\u00e0fic i Geol\u00f2gic de Catalunya\"><img loading=\"lazy\" decoding=\"async\" width=\"600\" height=\"400\" src=\"https:\/\/www.lasoci.org\/wp-content\/uploads\/2026\/04\/grup-visita-institut-cartografic-600x400.jpg\" class=\"attachment-us_600_400_crop size-us_600_400_crop wp-post-image\" alt=\"\" \/><\/a><\/div><div class=\"w-vwrapper usg_vwrapper_1 align_left valign_top\"><div class=\"w-hwrapper usg_hwrapper_1 align_left valign_top\"><div class=\"w-post-elm post_taxonomy usg_post_taxonomy_1 style_simple\"><a href=\"https:\/\/www.lasoci.org\/es\/category\/cultura-es\/\">Cultura<\/a><\/div><time class=\"w-post-elm post_date usg_post_date_1 entry-date published\" datetime=\"2026-04-13T14:02:25+02:00\" title=\"13 abril 2026 a las 14:02:25 Europe\/Madrid\">13 Abr a las 14:02<\/time><\/div><h2 class=\"w-post-elm post_title usg_post_title_1 entry-title color_link_inherit has_text_color\"><a href=\"https:\/\/www.lasoci.org\/es\/visita-al-institut-cartografic-i-geologic-de-catalunya\/\">Visita al Institut Cartogr\u00e0fic i Geol\u00f2gic de Catalunya<\/a><\/h2><\/div>\t\t<\/div>\n\t<\/article>\n\t<article class=\"w-grid-item size_1x1 post-17786 post type-post status-publish format-standard has-post-thumbnail hentry category-voluntariado\" data-id=\"17786\">\n\t\t<div class=\"w-grid-item-h\">\n\t\t\t\t\t\t\t<a class=\"w-grid-item-anchor\" href=\"https:\/\/www.lasoci.org\/es\/2-sin-3-un-primer-paso-sobre-el-escenario-en-un-concierto-solidario\/\" rel=\"bookmark\" aria-label=\"\u201c2 sin 3\u201d: un primer paso sobre el escenario en un concierto solidario\"><\/a>\n\t\t\t\t\t\t<div class=\"w-post-elm post_image usg_post_image_1 stretched\"><a href=\"https:\/\/www.lasoci.org\/es\/2-sin-3-un-primer-paso-sobre-el-escenario-en-un-concierto-solidario\/\" aria-label=\"\u201c2 sin 3\u201d: un primer paso sobre el escenario en un concierto solidario\"><img loading=\"lazy\" decoding=\"async\" width=\"600\" height=\"400\" src=\"https:\/\/www.lasoci.org\/wp-content\/uploads\/2026\/04\/2-SIN-3-en-San-Martin-1-600x400.jpg\" class=\"attachment-us_600_400_crop size-us_600_400_crop wp-post-image\" alt=\"\" \/><\/a><\/div><div class=\"w-vwrapper usg_vwrapper_1 align_left valign_top\"><div class=\"w-hwrapper usg_hwrapper_1 align_left valign_top\"><div class=\"w-post-elm post_taxonomy usg_post_taxonomy_1 style_simple\"><a href=\"https:\/\/www.lasoci.org\/es\/category\/voluntariado\/\">Voluntariado<\/a><\/div><time class=\"w-post-elm post_date usg_post_date_1 entry-date published\" datetime=\"2026-04-08T14:48:10+02:00\" title=\"8 abril 2026 a las 14:48:10 Europe\/Madrid\">8 Abr a las 14:48<\/time><\/div><h2 class=\"w-post-elm post_title usg_post_title_1 entry-title color_link_inherit has_text_color\"><a href=\"https:\/\/www.lasoci.org\/es\/2-sin-3-un-primer-paso-sobre-el-escenario-en-un-concierto-solidario\/\">\u201c2 sin 3\u201d: un primer paso sobre el escenario en un concierto solidario<\/a><\/h2><\/div>\t\t<\/div>\n\t<\/article>\n\t<article class=\"w-grid-item size_1x1 post-11247 post type-post status-publish format-standard has-post-thumbnail hentry category-asociacion\" data-id=\"11247\">\n\t\t<div class=\"w-grid-item-h\">\n\t\t\t\t\t\t\t<a class=\"w-grid-item-anchor\" href=\"https:\/\/www.lasoci.org\/es\/eleccions-a-junta-directiva\/\" rel=\"bookmark\" aria-label=\"Elecciones a Junta Directiva\"><\/a>\n\t\t\t\t\t\t<div class=\"w-post-elm post_image usg_post_image_1 stretched\"><a href=\"https:\/\/www.lasoci.org\/es\/eleccions-a-junta-directiva\/\" aria-label=\"Elecciones a Junta Directiva\"><img loading=\"lazy\" decoding=\"async\" width=\"600\" height=\"400\" src=\"https:\/\/www.lasoci.org\/wp-content\/uploads\/2022\/04\/votacions-rectora-600x400.jpg\" class=\"attachment-us_600_400_crop size-us_600_400_crop wp-post-image\" alt=\"\" srcset=\"https:\/\/www.lasoci.org\/wp-content\/uploads\/2022\/04\/votacions-rectora-600x400.jpg 600w, https:\/\/www.lasoci.org\/wp-content\/uploads\/2022\/04\/votacions-rectora-300x200.jpg 300w, https:\/\/www.lasoci.org\/wp-content\/uploads\/2022\/04\/votacions-rectora-1024x683.jpg 1024w, https:\/\/www.lasoci.org\/wp-content\/uploads\/2022\/04\/votacions-rectora-150x100.jpg 150w, https:\/\/www.lasoci.org\/wp-content\/uploads\/2022\/04\/votacions-rectora-800x533.jpg 800w\" sizes=\"auto, (max-width: 600px) 100vw, 600px\" \/><\/a><\/div><div class=\"w-vwrapper usg_vwrapper_1 align_left valign_top\"><div class=\"w-hwrapper usg_hwrapper_1 align_left valign_top\"><div class=\"w-post-elm post_taxonomy usg_post_taxonomy_1 style_simple\"><a href=\"https:\/\/www.lasoci.org\/es\/category\/asociacion\/\">Asociaci\u00f3n<\/a><\/div><time class=\"w-post-elm post_date usg_post_date_1 entry-date published\" datetime=\"2026-04-07T09:30:00+02:00\" title=\"7 abril 2026 a las 09:30:00 Europe\/Madrid\">7 Abr a las 09:30<\/time><\/div><h2 class=\"w-post-elm post_title usg_post_title_1 entry-title color_link_inherit has_text_color\"><a href=\"https:\/\/www.lasoci.org\/es\/eleccions-a-junta-directiva\/\">Elecciones a Junta Directiva<\/a><\/h2><\/div>\t\t<\/div>\n\t<\/article>\n\t<article class=\"w-grid-item size_1x1 post-17778 post type-post status-publish format-standard has-post-thumbnail hentry category-cultura-es category-gastronomia-es\" data-id=\"17778\">\n\t\t<div class=\"w-grid-item-h\">\n\t\t\t\t\t\t\t<a class=\"w-grid-item-anchor\" href=\"https:\/\/www.lasoci.org\/es\/comida-de-fallas-de-gastronomia-valencia\/\" rel=\"bookmark\" aria-label=\"Comida de Fallas de Gastronom\u00eda Valencia\"><\/a>\n\t\t\t\t\t\t<div class=\"w-post-elm post_image usg_post_image_1 stretched\"><a href=\"https:\/\/www.lasoci.org\/es\/comida-de-fallas-de-gastronomia-valencia\/\" aria-label=\"Comida de Fallas de Gastronom\u00eda Valencia\"><img loading=\"lazy\" decoding=\"async\" width=\"600\" height=\"400\" src=\"https:\/\/www.lasoci.org\/wp-content\/uploads\/2026\/04\/IMG_20260326_151428-600x400.jpg\" class=\"attachment-us_600_400_crop size-us_600_400_crop wp-post-image\" alt=\"\" \/><\/a><\/div><div class=\"w-vwrapper usg_vwrapper_1 align_left valign_top\"><div class=\"w-hwrapper usg_hwrapper_1 align_left valign_top\"><div class=\"w-post-elm post_taxonomy usg_post_taxonomy_1 style_simple\"><a href=\"https:\/\/www.lasoci.org\/es\/category\/cultura-es\/\">Cultura<\/a>, <a href=\"https:\/\/www.lasoci.org\/es\/category\/gastronomia-es\/\">Gastronom\u00eda<\/a><\/div><time class=\"w-post-elm post_date usg_post_date_1 entry-date published\" datetime=\"2026-04-02T14:01:28+02:00\" title=\"2 abril 2026 a las 14:01:28 Europe\/Madrid\">2 Abr a las 14:01<\/time><\/div><h2 class=\"w-post-elm post_title usg_post_title_1 entry-title color_link_inherit has_text_color\"><a href=\"https:\/\/www.lasoci.org\/es\/comida-de-fallas-de-gastronomia-valencia\/\">Comida de Fallas de Gastronom\u00eda Valencia<\/a><\/h2><\/div>\t\t<\/div>\n\t<\/article>\n\t<article class=\"w-grid-item size_1x1 post-17763 post type-post status-publish format-standard has-post-thumbnail hentry category-cultura-es\" data-id=\"17763\">\n\t\t<div class=\"w-grid-item-h\">\n\t\t\t\t\t\t\t<a class=\"w-grid-item-anchor\" href=\"https:\/\/www.lasoci.org\/es\/fotografia-girona-en-sant-pere-de-rodes\/\" rel=\"bookmark\" aria-label=\"Fotografia Girona en Sant Pere de Rodes\"><\/a>\n\t\t\t\t\t\t<div class=\"w-post-elm post_image usg_post_image_1 stretched\"><a href=\"https:\/\/www.lasoci.org\/es\/fotografia-girona-en-sant-pere-de-rodes\/\" aria-label=\"Fotografia Girona en Sant Pere de Rodes\"><img loading=\"lazy\" decoding=\"async\" width=\"600\" height=\"400\" src=\"https:\/\/www.lasoci.org\/wp-content\/uploads\/2026\/03\/25798-600x400.jpg\" class=\"attachment-us_600_400_crop size-us_600_400_crop wp-post-image\" alt=\"\" \/><\/a><\/div><div class=\"w-vwrapper usg_vwrapper_1 align_left valign_top\"><div class=\"w-hwrapper usg_hwrapper_1 align_left valign_top\"><div class=\"w-post-elm post_taxonomy usg_post_taxonomy_1 style_simple\"><a href=\"https:\/\/www.lasoci.org\/es\/category\/cultura-es\/\">Cultura<\/a><\/div><time class=\"w-post-elm post_date usg_post_date_1 entry-date published\" datetime=\"2026-03-26T10:40:33+01:00\" title=\"26 marzo 2026 a las 10:40:33 Europe\/Madrid\">26 Mar a las 10:40<\/time><\/div><h2 class=\"w-post-elm post_title usg_post_title_1 entry-title color_link_inherit has_text_color\"><a href=\"https:\/\/www.lasoci.org\/es\/fotografia-girona-en-sant-pere-de-rodes\/\">Fotografia Girona en Sant Pere de Rodes<\/a><\/h2><\/div>\t\t<\/div>\n\t<\/article>\n<\/div><div class=\"w-grid-preloader\"><div class=\"g-preloader type_1\">\n\t<div><\/div>\n<\/div>\n<\/div>\t<div class=\"w-grid-json hidden\" onclick='return {&quot;action&quot;:&quot;us_ajax_grid&quot;,&quot;ajax_url&quot;:&quot;https:\\\/\\\/www.lasoci.org\\\/wp-admin\\\/admin-ajax.php&quot;,&quot;infinite_scroll&quot;:0,&quot;max_num_pages&quot;:111,&quot;pagination&quot;:&quot;none&quot;,&quot;permalink_url&quot;:&quot;https:\\\/\\\/www.lasoci.org\\\/es\\\/wp-json\\\/wp\\\/v2\\\/pages\\\/7726\\\/&quot;,&quot;template_vars&quot;:{&quot;columns&quot;:&quot;3&quot;,&quot;exclude_items&quot;:&quot;none&quot;,&quot;img_size&quot;:&quot;us_600_400_crop&quot;,&quot;ignore_items_size&quot;:false,&quot;items_layout&quot;:&quot;blog_9&quot;,&quot;items_offset&quot;:&quot;1&quot;,&quot;load_animation&quot;:&quot;none&quot;,&quot;overriding_link&quot;:&quot;post&quot;,&quot;post_id&quot;:7726,&quot;query_args&quot;:{&quot;post_type&quot;:[&quot;post&quot;],&quot;post_status&quot;:[&quot;publish&quot;],&quot;posts_per_page&quot;:&quot;6&quot;},&quot;orderby_query_args&quot;:{&quot;orderby&quot;:{&quot;date&quot;:&quot;DESC&quot;}},&quot;type&quot;:&quot;grid&quot;,&quot;us_grid_ajax_index&quot;:1,&quot;us_grid_filter_params&quot;:null,&quot;us_grid_index&quot;:1,&quot;_us_grid_post_type&quot;:&quot;post&quot;,&quot;lang&quot;:&quot;es&quot;}}'><\/div>\n\t<\/div><div class=\"w-separator size_large\"><\/div><div class=\"w-btn-wrapper width_auto align_center\"><a class=\"w-btn us-btn-style_3\" title=\"Noticias\" href=\"https:\/\/www.lasoci.org\/es\/noticias\/\"><span class=\"w-btn-label\">M\u00e1s noticias<\/span><\/a><\/div><\/div><\/div><\/div><\/div><\/div><\/section><section class=\"l-section wpb_row height_medium color_secondary\"><div class=\"l-section-h i-cf\"><div class=\"g-cols vc_row type_default valign_top\"><div class=\"vc_col-sm-12 wpb_column vc_column_container\"><div class=\"vc_column-inner\"><div class=\"wpb_wrapper\">[vc_raw_html]JTVCZmluaXNfcmV2aXN0YV9ob21lJTVE[\/vc_raw_html]<\/div><\/div><\/div><\/div><\/div><\/section><section class=\"l-section wpb_row height_medium\" id=\"second\"><div class=\"l-section-h i-cf\"><div class=\"g-cols vc_row type_default valign_top\"><div class=\"vc_col-sm-12 wpb_column vc_column_container\"><div class=\"vc_column-inner\"><div class=\"wpb_wrapper\"><div class=\"wpb_text_column\" ><div class=\"wpb_wrapper\"><h2 style=\"text-align: center;\">Agenda<\/h2>\n<\/div><\/div><div class=\"w-separator size_large\"><\/div><div class=\"g-cols wpb_row  type_default valign_top vc_inner\"><div class=\"vc_col-sm-12 wpb_column vc_column_container\"><div class=\"vc_column-inner\"><div class=\"wpb_wrapper\">[vc_raw_html]W2ZpbmlzX2NhbGVuZGFyaV0=[\/vc_raw_html]<\/div><\/div><\/div><\/div><\/div><\/div><\/div><\/div><\/div><\/section><section class=\"l-section wpb_row height_medium color_primary\" id=\"fourth\"><div class=\"l-section-h i-cf\"><div class=\"g-cols vc_row type_default valign_top\"><div class=\"vc_col-sm-12 wpb_column vc_column_container\"><div class=\"vc_column-inner\"><div class=\"wpb_wrapper\"><div class=\"w-actionbox color_primary controls_right\"><div class=\"w-actionbox-text\"><h2>\u00a1Aprovecha todas nuestras ventajas!<\/h2><\/div><div class=\"w-actionbox-controls\"><a class=\"w-btn us-btn-style_4\" title=\"Ventajas\" href=\"https:\/\/www.lasoci.org\/es\/ventajas\/\" style=\"font-size:1.2rem;\"><span class=\"w-btn-label\">VENTAJAS<\/span><\/a><\/div><\/div><div class=\"w-separator size_small\"><\/div><div class=\"g-cols wpb_row  type_default valign_top vc_inner\"><div class=\"vc_col-sm-4 wpb_column vc_column_container\"><div class=\"vc_column-inner\"><div class=\"wpb_wrapper\"><div class=\"w-image align_center\"><div class=\"w-image-h\"><img loading=\"lazy\" decoding=\"async\" width=\"200\" height=\"114\" src=\"https:\/\/www.lasoci.org\/wp-content\/uploads\/2019\/12\/Logo-Seat-W.png\" class=\"attachment-large size-large\" alt=\"\" \/><\/div><\/div><\/div><\/div><\/div><div class=\"vc_col-sm-4 wpb_column vc_column_container\"><div class=\"vc_column-inner\"><div class=\"wpb_wrapper\"><div class=\"w-image align_center\"><div class=\"w-image-h\"><img loading=\"lazy\" decoding=\"async\" width=\"200\" height=\"114\" src=\"https:\/\/www.lasoci.org\/wp-content\/uploads\/2019\/12\/Logo-El-Corte-Inles-W.png\" class=\"attachment-large size-large\" alt=\"\" \/><\/div><\/div><\/div><\/div><\/div><div class=\"vc_col-sm-4 wpb_column vc_column_container\"><div class=\"vc_column-inner\"><div class=\"wpb_wrapper\"><div class=\"w-image align_center\"><div class=\"w-image-h\"><img loading=\"lazy\" decoding=\"async\" width=\"300\" height=\"98\" src=\"https:\/\/www.lasoci.org\/wp-content\/uploads\/2021\/04\/grimaldi_logo_blanc-300x98.png\" class=\"attachment-medium size-medium\" alt=\"\" srcset=\"https:\/\/www.lasoci.org\/wp-content\/uploads\/2021\/04\/grimaldi_logo_blanc-300x98.png 300w, https:\/\/www.lasoci.org\/wp-content\/uploads\/2021\/04\/grimaldi_logo_blanc-1024x335.png 1024w, https:\/\/www.lasoci.org\/wp-content\/uploads\/2021\/04\/grimaldi_logo_blanc-150x49.png 150w, https:\/\/www.lasoci.org\/wp-content\/uploads\/2021\/04\/grimaldi_logo_blanc-800x261.png 800w, https:\/\/www.lasoci.org\/wp-content\/uploads\/2021\/04\/grimaldi_logo_blanc.png 1986w\" sizes=\"auto, (max-width: 300px) 100vw, 300px\" \/><\/div><\/div><\/div><\/div><\/div><\/div><\/div><\/div><\/div><\/div><\/div><\/section>\n<\/div>","protected":false},"excerpt":{"rendered":"El martes 24 de marzo, diecis\u00e9is fot\u00f3grafos de la secci\u00f3n de Fotografia Girona, encabezados por Manel P\u00e9rez, realizaron una nueva salida para disfrutar y practicar su afici\u00f3n. A las nueve de la ma\u00f1ana se encontraron en el mirador del Mas Vent\u00f3s, una vez pasado Vilaju\u00efga, desde donde se pueden contemplar unas vistas espectaculares sobre la...","protected":false},"author":2,"featured_media":0,"parent":0,"menu_order":0,"comment_status":"closed","ping_status":"closed","template":"","meta":{"footnotes":""},"class_list":["post-7726","page","type-page","status-publish","hentry"],"_links":{"self":[{"href":"https:\/\/www.lasoci.org\/es\/wp-json\/wp\/v2\/pages\/7726","targetHints":{"allow":["GET"]}}],"collection":[{"href":"https:\/\/www.lasoci.org\/es\/wp-json\/wp\/v2\/pages"}],"about":[{"href":"https:\/\/www.lasoci.org\/es\/wp-json\/wp\/v2\/types\/page"}],"author":[{"embeddable":true,"href":"https:\/\/www.lasoci.org\/es\/wp-json\/wp\/v2\/users\/2"}],"replies":[{"embeddable":true,"href":"https:\/\/www.lasoci.org\/es\/wp-json\/wp\/v2\/comments?post=7726"}],"version-history":[{"count":58,"href":"https:\/\/www.lasoci.org\/es\/wp-json\/wp\/v2\/pages\/7726\/revisions"}],"predecessor-version":[{"id":17806,"href":"https:\/\/www.lasoci.org\/es\/wp-json\/wp\/v2\/pages\/7726\/revisions\/17806"}],"wp:attachment":[{"href":"https:\/\/www.lasoci.org\/es\/wp-json\/wp\/v2\/media?parent=7726"}],"curies":[{"name":"wp","href":"https:\/\/api.w.org\/{rel}","templated":true}]}}